{"id":917,"date":"2022-02-08T15:17:38","date_gmt":"2022-02-08T14:17:38","guid":{"rendered":"https:\/\/schuetzenverein.silvercom.de\/website\/?page_id=917"},"modified":"2025-09-11T09:31:48","modified_gmt":"2025-09-11T07:31:48","slug":"jubilare","status":"publish","type":"page","link":"https:\/\/schuetzenverein-glehn.de\/?page_id=917","title":{"rendered":"Jubilare"},"content":{"rendered":"<p><div class=\"fusion-fullwidth fullwidth-box fusion-builder-row-1 fusion-flex-container nonhundred-percent-fullwidth non-hundred-percent-height-scrolling\" style=\"--awb-border-radius-top-left:0px;--awb-border-radius-top-right:0px;--awb-border-radius-bottom-right:0px;--awb-border-radius-bottom-left:0px;--awb-background-color:rgba(255,255,255,0);--awb-flex-wrap:wrap;\" ><div class=\"fusion-builder-row fusion-row fusion-flex-align-items-flex-start fusion-flex-content-wrap\" style=\"max-width:1248px;margin-left: calc(-4% \/ 2 );margin-right: calc(-4% \/ 2 );\"><div class=\"fusion-layout-column fusion_builder_column fusion-builder-column-0 fusion_builder_column_1_1 1_1 fusion-flex-column\" style=\"--awb-bg-size:cover;--awb-width-large:100%;--awb-margin-top-large:0px;--awb-spacing-right-large:1.92%;--awb-margin-bottom-large:20px;--awb-spacing-left-large:1.92%;--awb-width-medium:100%;--awb-order-medium:0;--awb-spacing-right-medium:1.92%;--awb-spacing-left-medium:1.92%;--awb-width-small:100%;--awb-order-small:0;--awb-spacing-right-small:1.92%;--awb-spacing-left-small:1.92%;\"><div class=\"fusion-column-wrapper fusion-column-has-shadow fusion-flex-justify-content-flex-start fusion-content-layout-column\"><div class=\"fusion-countdown fusion-countdown-1 fusion-countdown-floated fusion-countdown-label-text_flow fusion-countdown-has-heading\" style=\"--awb-background:var(--awb-color7);--awb-counter-border-size:0;\"><div class=\"fusion-countdown-wrapper\"><div class=\"fusion-countdown-heading-wrapper\"><div class=\"fusion-countdown-subheading\">Nach dem Sch\u00fctzenfest ist vor dem Sch\u00fctzenfest <\/div><div class=\"fusion-countdown-heading\">Zeit bis zum n\u00e4chsten Sch\u00fctzenfest<\/div><\/div><div class=\"fusion-countdown-counter-wrapper\" id=\"fusion-countdown-1\" data-gmt-offset=\"2\" data-timer=\"2026-09-04-12-00-00\" data-omit-weeks=\"1\"><div class=\"fusion-dash-wrapper \"><div class=\"fusion-dash fusion-dash-days\"><div class=\"fusion-digit-wrapper\"><div class=\"fusion-thousand-digit fusion-digit\">0<\/div><div class=\"fusion-hundred-digit fusion-digit\">0<\/div><div class=\"fusion-digit\">0<\/div><div class=\"fusion-digit\">0<\/div><\/div><div class=\"fusion-dash-title\">Days<\/div><\/div><\/div><div class=\"fusion-dash-wrapper \"><div class=\"fusion-dash fusion-dash-hours\"><div class=\"fusion-digit-wrapper\"><div class=\"fusion-digit\">0<\/div><div class=\"fusion-digit\">0<\/div><\/div><div class=\"fusion-dash-title\">Hrs<\/div><\/div><\/div><div class=\"fusion-dash-wrapper \"><div class=\"fusion-dash fusion-dash-minutes\"><div class=\"fusion-digit-wrapper\"><div class=\"fusion-digit\">0<\/div><div class=\"fusion-digit\">0<\/div><\/div><div class=\"fusion-dash-title\">Min<\/div><\/div><\/div><div class=\"fusion-dash-wrapper \"><div class=\"fusion-dash fusion-dash-seconds\"><div class=\"fusion-digit-wrapper\"><div class=\"fusion-digit\">0<\/div><div class=\"fusion-digit\">0<\/div><\/div><div class=\"fusion-dash-title\">Sec<\/div><\/div><\/div><\/div><\/div><\/div><\/div><\/div><\/div><\/div><div class=\"fusion-fullwidth fullwidth-box fusion-builder-row-2 fusion-flex-container nonhundred-percent-fullwidth non-hundred-percent-height-scrolling\" style=\"--awb-border-radius-top-left:0px;--awb-border-radius-top-right:0px;--awb-border-radius-bottom-right:0px;--awb-border-radius-bottom-left:0px;--awb-padding-top:20px;--awb-padding-bottom:40px;--awb-flex-wrap:wrap;\" ><div class=\"fusion-builder-row fusion-row fusion-flex-align-items-flex-start fusion-flex-content-wrap\" style=\"max-width:1248px;margin-left: calc(-4% \/ 2 );margin-right: calc(-4% \/ 2 );\"><div class=\"fusion-layout-column fusion_builder_column fusion-builder-column-1 fusion_builder_column_1_1 1_1 fusion-flex-column\" style=\"--awb-bg-size:cover;--awb-width-large:100%;--awb-margin-top-large:0px;--awb-spacing-right-large:1.92%;--awb-margin-bottom-large:20px;--awb-spacing-left-large:1.92%;--awb-width-medium:100%;--awb-order-medium:0;--awb-spacing-right-medium:1.92%;--awb-spacing-left-medium:1.92%;--awb-width-small:100%;--awb-order-small:0;--awb-spacing-right-small:1.92%;--awb-spacing-left-small:1.92%;\"><div class=\"fusion-column-wrapper fusion-column-has-shadow fusion-flex-justify-content-flex-start fusion-content-layout-column\"><div class=\"fusion-text fusion-text-1\" style=\"--awb-text-transform:none;\"><h1 style=\"text-align: center;\">2025<\/h1>\n<\/div><div class=\"fusion-separator\" style=\"align-self: center;margin-left: auto;margin-right: auto;margin-top:40px;margin-bottom:40px;width:100%;max-width:400px;\"><div class=\"fusion-separator-border sep-single sep-solid\" style=\"--awb-height:20px;--awb-amount:20px;--awb-sep-color:var(--awb-color5);border-color:var(--awb-color5);border-top-width:3px;\"><\/div><\/div><\/div><\/div><div class=\"fusion-layout-column fusion_builder_column fusion-builder-column-2 fusion_builder_column_1_1 1_1 fusion-flex-column\" style=\"--awb-bg-size:cover;--awb-width-large:100%;--awb-margin-top-large:0px;--awb-spacing-right-large:1.92%;--awb-margin-bottom-large:20px;--awb-spacing-left-large:1.92%;--awb-width-medium:100%;--awb-order-medium:0;--awb-spacing-right-medium:1.92%;--awb-spacing-left-medium:1.92%;--awb-width-small:100%;--awb-order-small:0;--awb-spacing-right-small:1.92%;--awb-spacing-left-small:1.92%;\"><div class=\"fusion-column-wrapper fusion-column-has-shadow fusion-flex-justify-content-flex-start fusion-content-layout-column\"><div class=\"fusion-title title fusion-title-1 fusion-sep-none fusion-title-center fusion-title-text fusion-title-size-one\" style=\"--awb-margin-top-small:10px;--awb-margin-right-small:0px;--awb-margin-bottom-small:10px;--awb-margin-left-small:0px;\"><h1 class=\"fusion-title-heading title-heading-center\" style=\"margin:0;\"><h1 style=\"text-align: center;\">Jubilare Z\u00fcge<\/h1><\/h1><\/div><\/div><\/div><\/div><\/div><div class=\"fusion-fullwidth fullwidth-box fusion-builder-row-3 fusion-flex-container nonhundred-percent-fullwidth non-hundred-percent-height-scrolling\" style=\"--awb-border-radius-top-left:0px;--awb-border-radius-top-right:0px;--awb-border-radius-bottom-right:0px;--awb-border-radius-bottom-left:0px;--awb-padding-top:20px;--awb-padding-bottom:40px;--awb-flex-wrap:wrap;\" ><div class=\"fusion-builder-row fusion-row fusion-flex-align-items-flex-start fusion-flex-content-wrap\" style=\"max-width:1248px;margin-left: calc(-4% \/ 2 );margin-right: calc(-4% \/ 2 );\"><div class=\"fusion-layout-column fusion_builder_column fusion-builder-column-3 fusion_builder_column_1_1 1_1 fusion-flex-column\" style=\"--awb-bg-size:cover;--awb-width-large:100%;--awb-margin-top-large:0px;--awb-spacing-right-large:1.92%;--awb-margin-bottom-large:20px;--awb-spacing-left-large:1.92%;--awb-width-medium:100%;--awb-order-medium:0;--awb-spacing-right-medium:1.92%;--awb-spacing-left-medium:1.92%;--awb-width-small:100%;--awb-order-small:0;--awb-spacing-right-small:1.92%;--awb-spacing-left-small:1.92%;\"><div class=\"fusion-column-wrapper fusion-column-has-shadow fusion-flex-justify-content-center fusion-content-layout-column\"><div class=\"fusion-text fusion-text-2\" style=\"--awb-text-transform:none;\"><h3 style=\"text-align: center;\">90 Jahre &#8211; Gildezug Immergr\u00fcn<\/h3>\n<\/div><div class=\"fusion-separator\" style=\"align-self: center;margin-left: auto;margin-right: auto;margin-top:40px;margin-bottom:40px;width:100%;max-width:400px;\"><div class=\"fusion-separator-border sep-double\" style=\"--awb-height:20px;--awb-amount:20px;--awb-sep-color:rgba(255,255,255,0);border-color:rgba(255,255,255,0);border-top-width:0px;border-bottom-width:0px;\"><\/div><\/div><div class=\"fusion-image-element \" style=\"text-align:center;--awb-caption-title-font-family:var(--h2_typography-font-family);--awb-caption-title-font-weight:var(--h2_typography-font-weight);--awb-caption-title-font-style:var(--h2_typography-font-style);--awb-caption-title-size:var(--h2_typography-font-size);--awb-caption-title-transform:var(--h2_typography-text-transform);--awb-caption-title-line-height:var(--h2_typography-line-height);--awb-caption-title-letter-spacing:var(--h2_typography-letter-spacing);\"><span class=\" fusion-imageframe imageframe-none imageframe-1 hover-type-none\" style=\"border-radius:15px;\"><img decoding=\"async\" width=\"1024\" height=\"683\" title=\"Immergr\u00fcn 90 Jahre Sch\u00fctzengilde\" src=\"https:\/\/schuetzenverein-glehn.de\/wp-content\/uploads\/2025\/09\/Immergruen-90-Jahre-Schuetzengilde-1024x683.jpg\" alt class=\"img-responsive wp-image-2927\" srcset=\"https:\/\/schuetzenverein-glehn.de\/wp-content\/uploads\/2025\/09\/Immergruen-90-Jahre-Schuetzengilde-200x133.jpg 200w, https:\/\/schuetzenverein-glehn.de\/wp-content\/uploads\/2025\/09\/Immergruen-90-Jahre-Schuetzengilde-400x267.jpg 400w, https:\/\/schuetzenverein-glehn.de\/wp-content\/uploads\/2025\/09\/Immergruen-90-Jahre-Schuetzengilde-600x400.jpg 600w, https:\/\/schuetzenverein-glehn.de\/wp-content\/uploads\/2025\/09\/Immergruen-90-Jahre-Schuetzengilde-800x533.jpg 800w, https:\/\/schuetzenverein-glehn.de\/wp-content\/uploads\/2025\/09\/Immergruen-90-Jahre-Schuetzengilde-1200x800.jpg 1200w\" sizes=\"(max-width: 640px) 100vw, 1200px\" \/><\/span><\/div><div class=\"fusion-image-element \" style=\"text-align:center;--awb-caption-title-font-family:var(--h2_typography-font-family);--awb-caption-title-font-weight:var(--h2_typography-font-weight);--awb-caption-title-font-style:var(--h2_typography-font-style);--awb-caption-title-size:var(--h2_typography-font-size);--awb-caption-title-transform:var(--h2_typography-text-transform);--awb-caption-title-line-height:var(--h2_typography-line-height);--awb-caption-title-letter-spacing:var(--h2_typography-letter-spacing);\"><span class=\" fusion-imageframe imageframe-none imageframe-2 hover-type-none\" style=\"border-radius:15px;\"><img decoding=\"async\" width=\"1024\" height=\"692\" title=\"Immergr\u00fcn 90 1975 Gilde\" src=\"https:\/\/schuetzenverein-glehn.de\/wp-content\/uploads\/2025\/09\/Immergruen-90-1975-Gilde-1024x692.jpg\" alt class=\"img-responsive wp-image-2928\" srcset=\"https:\/\/schuetzenverein-glehn.de\/wp-content\/uploads\/2025\/09\/Immergruen-90-1975-Gilde-200x135.jpg 200w, https:\/\/schuetzenverein-glehn.de\/wp-content\/uploads\/2025\/09\/Immergruen-90-1975-Gilde-400x270.jpg 400w, https:\/\/schuetzenverein-glehn.de\/wp-content\/uploads\/2025\/09\/Immergruen-90-1975-Gilde-600x406.jpg 600w, https:\/\/schuetzenverein-glehn.de\/wp-content\/uploads\/2025\/09\/Immergruen-90-1975-Gilde-800x541.jpg 800w, https:\/\/schuetzenverein-glehn.de\/wp-content\/uploads\/2025\/09\/Immergruen-90-1975-Gilde-1200x811.jpg 1200w\" sizes=\"(max-width: 640px) 100vw, 1200px\" \/><\/span><\/div><div class=\"fusion-separator\" style=\"align-self: center;margin-left: auto;margin-right: auto;margin-top:40px;margin-bottom:40px;width:100%;max-width:400px;\"><div class=\"fusion-separator-border sep-double\" style=\"--awb-height:20px;--awb-amount:20px;--awb-sep-color:rgba(255,255,255,0);border-color:rgba(255,255,255,0);border-top-width:0px;border-bottom-width:0px;\"><\/div><\/div><div class=\"fusion-text fusion-text-3\"><p><strong>Gildezug Immergr\u00fcn<\/strong><\/p>\n<p>Der urspr\u00fcngliche J\u00e4gerzug Immergr\u00fcn wurde 1935 gegr\u00fcndet.<\/p>\n<p>1974 marschierten die beiden Gr\u00fcndungsz\u00fcge erstmalig als Gildecorps unter der F\u00fchrung von Heinrich Reck (Immergr\u00fcn) und Heinrich Tillmanns (Immerlustig) im Regiment.<\/p>\n<p>Der jetzige Zugf\u00fchrer, G\u00fcnther Kehls f\u00fchrt den Zug bereits seit 24 Jahren. Mortesa Rasawieh, der auch der \u00e4lteste aktive Sch\u00fctze im Regiment ist, unterst\u00fctzt ihn dabei als Seitenoffizier. Der aktuelle Gildemajor ist auch im Zug Immergr\u00fcn zu Hause.<\/p>\n<p>Der Zug Immergr\u00fcn hat nicht nur erneut den Generationenwechsel geschafft, sondern ist auch \u00fcber das Sch\u00fctzenfest hinaus eine echte Gemeinschaft geworden.<\/p>\n<p>Das zeigt sich durch gemeinsame Ausfl\u00fcge, Aktivit\u00e4ten und Feiern \u00fcber das gesamte Jahr.<\/p>\n<\/div><\/div><\/div><div class=\"fusion-layout-column fusion_builder_column fusion-builder-column-4 fusion_builder_column_1_3 1_3 fusion-flex-column\" style=\"--awb-bg-size:cover;--awb-width-large:33.333333333333%;--awb-margin-top-large:0px;--awb-spacing-right-large:5.76%;--awb-margin-bottom-large:20px;--awb-spacing-left-large:5.76%;--awb-width-medium:33.333333333333%;--awb-order-medium:0;--awb-spacing-right-medium:5.76%;--awb-spacing-left-medium:5.76%;--awb-width-small:100%;--awb-order-small:0;--awb-spacing-right-small:1.92%;--awb-spacing-left-small:1.92%;\"><div class=\"fusion-column-wrapper fusion-column-has-shadow fusion-flex-justify-content-flex-start fusion-content-layout-column\"><div class=\"fusion-person person fusion-person-left fusion-person-1 fusion-person-icon-top\" style=\"--awb-pic-style-color:var(--awb-color8);--awb-pic-borderradius:15px;--awb-margin-top:0px;--awb-margin-right:0px;--awb-margin-bottom:0px;--awb-margin-left:0px;--awb-social-box-border-top:0px;--awb-social-box-border-right:0px;--awb-social-box-border-bottom:0px;--awb-social-box-border-left:0px;--awb-social-box-border-color:var(--awb-color3);--awb-social-box-border-color-hover:var(--awb-color4);--awb-social-box-colors-hover:var(--awb-color1);--awb-social-icon-boxed-colors:var(--awb-color2);--awb-social-icon-colors:var(--awb-color6);--awb-social-icon-colors-hover:var(--awb-color4);\"><div class=\"person-shortcode-image-wrapper\"><div class=\"person-image-container hover-type-none person-rounded-overflow\" style=\"-webkit-border-radius:15px;-moz-border-radius:15px;border-radius:15px;border:0px solid var(--awb-color3);-webkit-border-radius:15px;-moz-border-radius:15px;border-radius:15px;\"><img decoding=\"async\" class=\"person-img img-responsive wp-image-2929\" width=\"798\" height=\"1024\" src=\"https:\/\/schuetzenverein-glehn.de\/wp-content\/uploads\/2025\/09\/Dr.-Mortesa-Rasawieh-50-Gilde-798x1024.png\" alt=\"Dr. Mortesa Rasawieh\" srcset=\"https:\/\/schuetzenverein-glehn.de\/wp-content\/uploads\/2025\/09\/Dr.-Mortesa-Rasawieh-50-Gilde-200x256.png 200w, https:\/\/schuetzenverein-glehn.de\/wp-content\/uploads\/2025\/09\/Dr.-Mortesa-Rasawieh-50-Gilde-400x513.png 400w, https:\/\/schuetzenverein-glehn.de\/wp-content\/uploads\/2025\/09\/Dr.-Mortesa-Rasawieh-50-Gilde-600x769.png 600w, https:\/\/schuetzenverein-glehn.de\/wp-content\/uploads\/2025\/09\/Dr.-Mortesa-Rasawieh-50-Gilde-800x1026.png 800w, https:\/\/schuetzenverein-glehn.de\/wp-content\/uploads\/2025\/09\/Dr.-Mortesa-Rasawieh-50-Gilde.png 917w\" sizes=\"(max-width: 640px) 100vw, 400px\" \/><\/div><\/div><div class=\"person-desc\" style=\"background-color:var(--awb-color7);padding:40px;margin-top:0;\"><div class=\"person-author\"><div class=\"person-author-wrapper\"><span class=\"person-name\">Dr. Mortesa Rasawieh<\/span><span class=\"person-title\">50 Jahre<\/span><\/div><\/div><div class=\"person-content fusion-clearfix\"><\/div><\/div><\/div><div class=\"fusion-text fusion-text-4\"><p>Seit 1975 ist Dr Rasawieh ununterbrochen seinem Zug treu geblieben und ist seit 2004 sogar Seitenoffizier.<\/p>\n<p>Er ist mittlerweile der \u00e4lteste aktive Sch\u00fctze des gesamten Regimentes.<\/p>\n<p>Mortesa Rasawieh ist jemand, der Tradition nicht nur bewahrt, sondern seit 50 Jahren lebt.<\/p>\n<\/div><\/div><\/div><div class=\"fusion-layout-column fusion_builder_column fusion-builder-column-5 fusion_builder_column_1_3 1_3 fusion-flex-column\" style=\"--awb-bg-size:cover;--awb-width-large:33.333333333333%;--awb-margin-top-large:0px;--awb-spacing-right-large:5.76%;--awb-margin-bottom-large:20px;--awb-spacing-left-large:5.76%;--awb-width-medium:33.333333333333%;--awb-order-medium:0;--awb-spacing-right-medium:5.76%;--awb-spacing-left-medium:5.76%;--awb-width-small:100%;--awb-order-small:0;--awb-spacing-right-small:1.92%;--awb-spacing-left-small:1.92%;\"><div class=\"fusion-column-wrapper fusion-column-has-shadow fusion-flex-justify-content-flex-start fusion-content-layout-column\"><div class=\"fusion-person person fusion-person-left fusion-person-2 fusion-person-icon-top\" style=\"--awb-pic-style-color:var(--awb-color8);--awb-pic-borderradius:15px;--awb-margin-top:0px;--awb-margin-right:0px;--awb-margin-bottom:0px;--awb-margin-left:0px;--awb-social-box-border-top:0px;--awb-social-box-border-right:0px;--awb-social-box-border-bottom:0px;--awb-social-box-border-left:0px;--awb-social-box-border-color:var(--awb-color3);--awb-social-box-border-color-hover:var(--awb-color4);--awb-social-box-colors-hover:var(--awb-color1);--awb-social-icon-boxed-colors:var(--awb-color2);--awb-social-icon-colors:var(--awb-color6);--awb-social-icon-colors-hover:var(--awb-color4);\"><div class=\"person-shortcode-image-wrapper\"><div class=\"person-image-container hover-type-none person-rounded-overflow\" style=\"-webkit-border-radius:15px;-moz-border-radius:15px;border-radius:15px;border:0px solid var(--awb-color3);-webkit-border-radius:15px;-moz-border-radius:15px;border-radius:15px;\"><img decoding=\"async\" class=\"person-img img-responsive wp-image-2930\" width=\"951\" height=\"1024\" src=\"https:\/\/schuetzenverein-glehn.de\/wp-content\/uploads\/2025\/09\/Guenter-Schroeder-40-Gilde-951x1024.png\" alt=\"G\u00fcnter Schr\u00f6der\" srcset=\"https:\/\/schuetzenverein-glehn.de\/wp-content\/uploads\/2025\/09\/Guenter-Schroeder-40-Gilde-200x215.png 200w, https:\/\/schuetzenverein-glehn.de\/wp-content\/uploads\/2025\/09\/Guenter-Schroeder-40-Gilde-400x431.png 400w, https:\/\/schuetzenverein-glehn.de\/wp-content\/uploads\/2025\/09\/Guenter-Schroeder-40-Gilde-600x646.png 600w, https:\/\/schuetzenverein-glehn.de\/wp-content\/uploads\/2025\/09\/Guenter-Schroeder-40-Gilde-800x862.png 800w, https:\/\/schuetzenverein-glehn.de\/wp-content\/uploads\/2025\/09\/Guenter-Schroeder-40-Gilde.png 1024w\" sizes=\"(max-width: 640px) 100vw, 400px\" \/><\/div><\/div><div class=\"person-desc\" style=\"background-color:var(--awb-color7);padding:40px;margin-top:0;\"><div class=\"person-author\"><div class=\"person-author-wrapper\"><span class=\"person-name\">G\u00fcnter Schr\u00f6der<\/span><span class=\"person-title\">40 Jahre<\/span><\/div><\/div><div class=\"person-content fusion-clearfix\"><\/div><\/div><\/div><\/div><\/div><div class=\"fusion-layout-column fusion_builder_column fusion-builder-column-6 fusion_builder_column_1_3 1_3 fusion-flex-column\" style=\"--awb-bg-size:cover;--awb-width-large:33.333333333333%;--awb-margin-top-large:0px;--awb-spacing-right-large:5.76%;--awb-margin-bottom-large:20px;--awb-spacing-left-large:5.76%;--awb-width-medium:33.333333333333%;--awb-order-medium:0;--awb-spacing-right-medium:5.76%;--awb-spacing-left-medium:5.76%;--awb-width-small:100%;--awb-order-small:0;--awb-spacing-right-small:1.92%;--awb-spacing-left-small:1.92%;\"><div class=\"fusion-column-wrapper fusion-column-has-shadow fusion-flex-justify-content-flex-start fusion-content-layout-column\"><div class=\"fusion-person person fusion-person-left fusion-person-3 fusion-person-icon-top\" style=\"--awb-pic-style-color:var(--awb-color8);--awb-pic-borderradius:15px;--awb-margin-top:0px;--awb-margin-right:0px;--awb-margin-bottom:0px;--awb-margin-left:0px;--awb-social-box-border-top:0px;--awb-social-box-border-right:0px;--awb-social-box-border-bottom:0px;--awb-social-box-border-left:0px;--awb-social-box-border-color:var(--awb-color3);--awb-social-box-border-color-hover:var(--awb-color4);--awb-social-box-colors-hover:var(--awb-color1);--awb-social-icon-boxed-colors:var(--awb-color2);--awb-social-icon-colors:var(--awb-color6);--awb-social-icon-colors-hover:var(--awb-color4);\"><div class=\"person-shortcode-image-wrapper\"><div class=\"person-image-container hover-type-none person-rounded-overflow\" style=\"-webkit-border-radius:15px;-moz-border-radius:15px;border-radius:15px;border:0px solid var(--awb-color3);-webkit-border-radius:15px;-moz-border-radius:15px;border-radius:15px;\"><img decoding=\"async\" class=\"person-img img-responsive wp-image-2931\" width=\"1024\" height=\"986\" src=\"https:\/\/schuetzenverein-glehn.de\/wp-content\/uploads\/2025\/09\/Guenther-Kehls-25-Gilde.png\" alt=\"G\u00fcnther Kehls\" srcset=\"https:\/\/schuetzenverein-glehn.de\/wp-content\/uploads\/2025\/09\/Guenther-Kehls-25-Gilde-200x193.png 200w, https:\/\/schuetzenverein-glehn.de\/wp-content\/uploads\/2025\/09\/Guenther-Kehls-25-Gilde-400x385.png 400w, https:\/\/schuetzenverein-glehn.de\/wp-content\/uploads\/2025\/09\/Guenther-Kehls-25-Gilde-600x578.png 600w, https:\/\/schuetzenverein-glehn.de\/wp-content\/uploads\/2025\/09\/Guenther-Kehls-25-Gilde-800x770.png 800w, https:\/\/schuetzenverein-glehn.de\/wp-content\/uploads\/2025\/09\/Guenther-Kehls-25-Gilde.png 1024w\" sizes=\"(max-width: 640px) 100vw, 400px\" \/><\/div><\/div><div class=\"person-desc\" style=\"background-color:var(--awb-color7);padding:40px;margin-top:0;\"><div class=\"person-author\"><div class=\"person-author-wrapper\"><span class=\"person-name\">G\u00fcnther Kehls<\/span><span class=\"person-title\">25 Jahre<\/span><\/div><\/div><div class=\"person-content fusion-clearfix\"><\/div><\/div><\/div><\/div><\/div><\/div><\/div><div class=\"fusion-fullwidth fullwidth-box fusion-builder-row-4 fusion-flex-container nonhundred-percent-fullwidth non-hundred-percent-height-scrolling\" style=\"--awb-border-radius-top-left:0px;--awb-border-radius-top-right:0px;--awb-border-radius-bottom-right:0px;--awb-border-radius-bottom-left:0px;--awb-padding-top:20px;--awb-padding-bottom:40px;--awb-flex-wrap:wrap;\" ><div class=\"fusion-builder-row fusion-row fusion-flex-align-items-flex-start fusion-flex-content-wrap\" style=\"max-width:1248px;margin-left: calc(-4% \/ 2 );margin-right: calc(-4% \/ 2 );\"><div class=\"fusion-layout-column fusion_builder_column fusion-builder-column-7 fusion_builder_column_1_1 1_1 fusion-flex-column\" style=\"--awb-bg-size:cover;--awb-width-large:100%;--awb-margin-top-large:0px;--awb-spacing-right-large:1.92%;--awb-margin-bottom-large:20px;--awb-spacing-left-large:1.92%;--awb-width-medium:100%;--awb-order-medium:0;--awb-spacing-right-medium:1.92%;--awb-spacing-left-medium:1.92%;--awb-width-small:100%;--awb-order-small:0;--awb-spacing-right-small:1.92%;--awb-spacing-left-small:1.92%;\"><div class=\"fusion-column-wrapper fusion-column-has-shadow fusion-flex-justify-content-center fusion-content-layout-column\"><div class=\"fusion-text fusion-text-5\" style=\"--awb-text-transform:none;\"><h3 style=\"text-align: center;\">50 Jahre &#8211; J\u00e4gerzug 57-59 Sp\u00e4tlese<\/h3>\n<\/div><div class=\"fusion-separator\" style=\"align-self: center;margin-left: auto;margin-right: auto;margin-top:40px;margin-bottom:40px;width:100%;max-width:400px;\"><div class=\"fusion-separator-border sep-double\" style=\"--awb-height:20px;--awb-amount:20px;--awb-sep-color:rgba(255,255,255,0);border-color:rgba(255,255,255,0);border-top-width:0px;border-bottom-width:0px;\"><\/div><\/div><div class=\"fusion-image-element \" style=\"text-align:center;--awb-caption-title-font-family:var(--h2_typography-font-family);--awb-caption-title-font-weight:var(--h2_typography-font-weight);--awb-caption-title-font-style:var(--h2_typography-font-style);--awb-caption-title-size:var(--h2_typography-font-size);--awb-caption-title-transform:var(--h2_typography-text-transform);--awb-caption-title-line-height:var(--h2_typography-line-height);--awb-caption-title-letter-spacing:var(--h2_typography-letter-spacing);\"><span class=\" fusion-imageframe imageframe-none imageframe-3 hover-type-none\" style=\"border-radius:15px;\"><img decoding=\"async\" width=\"1024\" height=\"580\" title=\"Jgz\" src=\"https:\/\/schuetzenverein-glehn.de\/wp-content\/uploads\/2025\/09\/Jgz-1024x580.jpg\" alt class=\"img-responsive wp-image-2911\" srcset=\"https:\/\/schuetzenverein-glehn.de\/wp-content\/uploads\/2025\/09\/Jgz-200x113.jpg 200w, https:\/\/schuetzenverein-glehn.de\/wp-content\/uploads\/2025\/09\/Jgz-400x226.jpg 400w, https:\/\/schuetzenverein-glehn.de\/wp-content\/uploads\/2025\/09\/Jgz-600x340.jpg 600w, https:\/\/schuetzenverein-glehn.de\/wp-content\/uploads\/2025\/09\/Jgz-800x453.jpg 800w, https:\/\/schuetzenverein-glehn.de\/wp-content\/uploads\/2025\/09\/Jgz-1200x679.jpg 1200w\" sizes=\"(max-width: 640px) 100vw, 1200px\" \/><\/span><\/div><div class=\"fusion-image-element \" style=\"text-align:center;--awb-caption-title-font-family:var(--h2_typography-font-family);--awb-caption-title-font-weight:var(--h2_typography-font-weight);--awb-caption-title-font-style:var(--h2_typography-font-style);--awb-caption-title-size:var(--h2_typography-font-size);--awb-caption-title-transform:var(--h2_typography-text-transform);--awb-caption-title-line-height:var(--h2_typography-line-height);--awb-caption-title-letter-spacing:var(--h2_typography-letter-spacing);\"><span class=\" fusion-imageframe imageframe-none imageframe-4 hover-type-none\" style=\"border-radius:15px;\"><img decoding=\"async\" width=\"1024\" height=\"651\" title=\"Jgz 57-59 Sp\u00e4tlese 50 Jahre Zugbild v\" src=\"https:\/\/schuetzenverein-glehn.de\/wp-content\/uploads\/2025\/09\/Jgz-57-59-Spaetlese-50-Jahre-Zugbild-v-1024x651.jpg\" alt class=\"img-responsive wp-image-2912\" srcset=\"https:\/\/schuetzenverein-glehn.de\/wp-content\/uploads\/2025\/09\/Jgz-57-59-Spaetlese-50-Jahre-Zugbild-v-200x127.jpg 200w, https:\/\/schuetzenverein-glehn.de\/wp-content\/uploads\/2025\/09\/Jgz-57-59-Spaetlese-50-Jahre-Zugbild-v-400x254.jpg 400w, https:\/\/schuetzenverein-glehn.de\/wp-content\/uploads\/2025\/09\/Jgz-57-59-Spaetlese-50-Jahre-Zugbild-v-600x381.jpg 600w, https:\/\/schuetzenverein-glehn.de\/wp-content\/uploads\/2025\/09\/Jgz-57-59-Spaetlese-50-Jahre-Zugbild-v-800x508.jpg 800w, https:\/\/schuetzenverein-glehn.de\/wp-content\/uploads\/2025\/09\/Jgz-57-59-Spaetlese-50-Jahre-Zugbild-v-1200x762.jpg 1200w\" sizes=\"(max-width: 640px) 100vw, 1200px\" \/><\/span><\/div><div class=\"fusion-separator\" style=\"align-self: center;margin-left: auto;margin-right: auto;margin-top:40px;margin-bottom:40px;width:100%;max-width:400px;\"><div class=\"fusion-separator-border sep-double\" style=\"--awb-height:20px;--awb-amount:20px;--awb-sep-color:rgba(255,255,255,0);border-color:rgba(255,255,255,0);border-top-width:0px;border-bottom-width:0px;\"><\/div><\/div><div class=\"fusion-text fusion-text-6\"><p>Der J\u00e4gerzug \u201e57-59 Sp\u00e4tlese\u201c wurde 1975 gegr\u00fcndet. Die Jungs kannten sich bereits aus Schulzeiten und waren damals durch Tischtennis und Fu\u00dfball eng verbunden. Heute hat der Zug 7 Mitglieder, wobei es noch 4 Gr\u00fcndungsmitglieder gibt. Seit \u00fcber 30 Jahren f\u00fchren die M\u00e4nner ihre traditionelle Schiffstour auf Hollands Kan\u00e4len durch, w\u00e4hrend ihre Frauen ebenfalls gemeinsam Erlebnisreisen machen. \u00dcber die Jahrzehnte ist so \u00fcber das Sch\u00fctzenwesen hinaus eine verschworene Gemeinschaft entstanden.<\/p>\n<\/div><\/div><\/div><div class=\"fusion-layout-column fusion_builder_column fusion-builder-column-8 fusion_builder_column_1_3 1_3 fusion-flex-column\" style=\"--awb-bg-size:cover;--awb-width-large:33.333333333333%;--awb-margin-top-large:0px;--awb-spacing-right-large:5.76%;--awb-margin-bottom-large:20px;--awb-spacing-left-large:5.76%;--awb-width-medium:33.333333333333%;--awb-order-medium:0;--awb-spacing-right-medium:5.76%;--awb-spacing-left-medium:5.76%;--awb-width-small:100%;--awb-order-small:0;--awb-spacing-right-small:1.92%;--awb-spacing-left-small:1.92%;\"><div class=\"fusion-column-wrapper fusion-column-has-shadow fusion-flex-justify-content-flex-start fusion-content-layout-column\"><div class=\"fusion-person person fusion-person-left fusion-person-4 fusion-person-icon-top\" style=\"--awb-pic-style-color:var(--awb-color8);--awb-pic-borderradius:15px;--awb-margin-top:0px;--awb-margin-right:0px;--awb-margin-bottom:0px;--awb-margin-left:0px;--awb-social-box-border-top:0px;--awb-social-box-border-right:0px;--awb-social-box-border-bottom:0px;--awb-social-box-border-left:0px;--awb-social-box-border-color:var(--awb-color3);--awb-social-box-border-color-hover:var(--awb-color4);--awb-social-box-colors-hover:var(--awb-color1);--awb-social-icon-boxed-colors:var(--awb-color2);--awb-social-icon-colors:var(--awb-color6);--awb-social-icon-colors-hover:var(--awb-color4);\"><div class=\"person-shortcode-image-wrapper\"><div class=\"person-image-container hover-type-none person-rounded-overflow\" style=\"-webkit-border-radius:15px;-moz-border-radius:15px;border-radius:15px;border:0px solid var(--awb-color3);-webkit-border-radius:15px;-moz-border-radius:15px;border-radius:15px;\"><img decoding=\"async\" class=\"person-img img-responsive wp-image-2913\" width=\"678\" height=\"1024\" src=\"https:\/\/schuetzenverein-glehn.de\/wp-content\/uploads\/2025\/09\/Gerd-Schreckenbach-50-Jahre-Jgz-57-59-Spaetlese-678x1024.jpg\" alt=\"Gerd Schreckenbach\" srcset=\"https:\/\/schuetzenverein-glehn.de\/wp-content\/uploads\/2025\/09\/Gerd-Schreckenbach-50-Jahre-Jgz-57-59-Spaetlese-200x302.jpg 200w, https:\/\/schuetzenverein-glehn.de\/wp-content\/uploads\/2025\/09\/Gerd-Schreckenbach-50-Jahre-Jgz-57-59-Spaetlese-400x604.jpg 400w, https:\/\/schuetzenverein-glehn.de\/wp-content\/uploads\/2025\/09\/Gerd-Schreckenbach-50-Jahre-Jgz-57-59-Spaetlese-600x906.jpg 600w, https:\/\/schuetzenverein-glehn.de\/wp-content\/uploads\/2025\/09\/Gerd-Schreckenbach-50-Jahre-Jgz-57-59-Spaetlese-800x1208.jpg 800w, https:\/\/schuetzenverein-glehn.de\/wp-content\/uploads\/2025\/09\/Gerd-Schreckenbach-50-Jahre-Jgz-57-59-Spaetlese-1200x1812.jpg 1200w, https:\/\/schuetzenverein-glehn.de\/wp-content\/uploads\/2025\/09\/Gerd-Schreckenbach-50-Jahre-Jgz-57-59-Spaetlese.jpg 1632w\" sizes=\"(max-width: 640px) 100vw, 400px\" \/><\/div><\/div><div class=\"person-desc\" style=\"background-color:var(--awb-color7);padding:40px;margin-top:0;\"><div class=\"person-author\"><div class=\"person-author-wrapper\"><span class=\"person-name\">Gerd Schreckenbach<\/span><span class=\"person-title\">50 Jahre<\/span><\/div><\/div><div class=\"person-content fusion-clearfix\"><\/div><\/div><\/div><\/div><\/div><div class=\"fusion-layout-column fusion_builder_column fusion-builder-column-9 fusion_builder_column_1_3 1_3 fusion-flex-column\" style=\"--awb-bg-size:cover;--awb-width-large:33.333333333333%;--awb-margin-top-large:0px;--awb-spacing-right-large:5.76%;--awb-margin-bottom-large:20px;--awb-spacing-left-large:5.76%;--awb-width-medium:33.333333333333%;--awb-order-medium:0;--awb-spacing-right-medium:5.76%;--awb-spacing-left-medium:5.76%;--awb-width-small:100%;--awb-order-small:0;--awb-spacing-right-small:1.92%;--awb-spacing-left-small:1.92%;\"><div class=\"fusion-column-wrapper fusion-column-has-shadow fusion-flex-justify-content-flex-start fusion-content-layout-column\"><div class=\"fusion-person person fusion-person-left fusion-person-5 fusion-person-icon-top\" style=\"--awb-pic-style-color:var(--awb-color8);--awb-pic-borderradius:15px;--awb-margin-top:0px;--awb-margin-right:0px;--awb-margin-bottom:0px;--awb-margin-left:0px;--awb-social-box-border-top:0px;--awb-social-box-border-right:0px;--awb-social-box-border-bottom:0px;--awb-social-box-border-left:0px;--awb-social-box-border-color:var(--awb-color3);--awb-social-box-border-color-hover:var(--awb-color4);--awb-social-box-colors-hover:var(--awb-color1);--awb-social-icon-boxed-colors:var(--awb-color2);--awb-social-icon-colors:var(--awb-color6);--awb-social-icon-colors-hover:var(--awb-color4);\"><div class=\"person-shortcode-image-wrapper\"><div class=\"person-image-container hover-type-none person-rounded-overflow\" style=\"-webkit-border-radius:15px;-moz-border-radius:15px;border-radius:15px;border:0px solid var(--awb-color3);-webkit-border-radius:15px;-moz-border-radius:15px;border-radius:15px;\"><img decoding=\"async\" class=\"person-img img-responsive wp-image-2914\" width=\"678\" height=\"1024\" src=\"https:\/\/schuetzenverein-glehn.de\/wp-content\/uploads\/2025\/09\/Hans-Joachim-Stothut-50-Jahre-Jgz-57-59-Spaetlese-678x1024.jpg\" alt=\"Hans Joachim Strothut\" srcset=\"https:\/\/schuetzenverein-glehn.de\/wp-content\/uploads\/2025\/09\/Hans-Joachim-Stothut-50-Jahre-Jgz-57-59-Spaetlese-200x302.jpg 200w, https:\/\/schuetzenverein-glehn.de\/wp-content\/uploads\/2025\/09\/Hans-Joachim-Stothut-50-Jahre-Jgz-57-59-Spaetlese-400x604.jpg 400w, https:\/\/schuetzenverein-glehn.de\/wp-content\/uploads\/2025\/09\/Hans-Joachim-Stothut-50-Jahre-Jgz-57-59-Spaetlese-600x906.jpg 600w, https:\/\/schuetzenverein-glehn.de\/wp-content\/uploads\/2025\/09\/Hans-Joachim-Stothut-50-Jahre-Jgz-57-59-Spaetlese-800x1208.jpg 800w, https:\/\/schuetzenverein-glehn.de\/wp-content\/uploads\/2025\/09\/Hans-Joachim-Stothut-50-Jahre-Jgz-57-59-Spaetlese-1200x1812.jpg 1200w, https:\/\/schuetzenverein-glehn.de\/wp-content\/uploads\/2025\/09\/Hans-Joachim-Stothut-50-Jahre-Jgz-57-59-Spaetlese.jpg 1632w\" sizes=\"(max-width: 640px) 100vw, 400px\" \/><\/div><\/div><div class=\"person-desc\" style=\"background-color:var(--awb-color7);padding:40px;margin-top:0;\"><div class=\"person-author\"><div class=\"person-author-wrapper\"><span class=\"person-name\">Hans Joachim Strothut<\/span><span class=\"person-title\">50 Jahre<\/span><\/div><\/div><div class=\"person-content fusion-clearfix\"><\/div><\/div><\/div><\/div><\/div><div class=\"fusion-layout-column fusion_builder_column fusion-builder-column-10 fusion_builder_column_1_3 1_3 fusion-flex-column\" style=\"--awb-bg-size:cover;--awb-width-large:33.333333333333%;--awb-margin-top-large:0px;--awb-spacing-right-large:5.76%;--awb-margin-bottom-large:20px;--awb-spacing-left-large:5.76%;--awb-width-medium:33.333333333333%;--awb-order-medium:0;--awb-spacing-right-medium:5.76%;--awb-spacing-left-medium:5.76%;--awb-width-small:100%;--awb-order-small:0;--awb-spacing-right-small:1.92%;--awb-spacing-left-small:1.92%;\"><div class=\"fusion-column-wrapper fusion-column-has-shadow fusion-flex-justify-content-flex-start fusion-content-layout-column\"><div class=\"fusion-person person fusion-person-left fusion-person-6 fusion-person-icon-top\" style=\"--awb-pic-style-color:var(--awb-color8);--awb-pic-borderradius:15px;--awb-margin-top:0px;--awb-margin-right:0px;--awb-margin-bottom:0px;--awb-margin-left:0px;--awb-social-box-border-top:0px;--awb-social-box-border-right:0px;--awb-social-box-border-bottom:0px;--awb-social-box-border-left:0px;--awb-social-box-border-color:var(--awb-color3);--awb-social-box-border-color-hover:var(--awb-color4);--awb-social-box-colors-hover:var(--awb-color1);--awb-social-icon-boxed-colors:var(--awb-color2);--awb-social-icon-colors:var(--awb-color6);--awb-social-icon-colors-hover:var(--awb-color4);\"><div class=\"person-shortcode-image-wrapper\"><div class=\"person-image-container hover-type-none person-rounded-overflow\" style=\"-webkit-border-radius:15px;-moz-border-radius:15px;border-radius:15px;border:0px solid var(--awb-color3);-webkit-border-radius:15px;-moz-border-radius:15px;border-radius:15px;\"><img decoding=\"async\" class=\"person-img img-responsive wp-image-2915\" width=\"678\" height=\"1024\" src=\"https:\/\/schuetzenverein-glehn.de\/wp-content\/uploads\/2025\/09\/Hardy-Elle-50-Jahre-Jgz-57-59-Spaetlese-678x1024.jpg\" alt=\"Hardy Elle\" srcset=\"https:\/\/schuetzenverein-glehn.de\/wp-content\/uploads\/2025\/09\/Hardy-Elle-50-Jahre-Jgz-57-59-Spaetlese-200x302.jpg 200w, https:\/\/schuetzenverein-glehn.de\/wp-content\/uploads\/2025\/09\/Hardy-Elle-50-Jahre-Jgz-57-59-Spaetlese-400x604.jpg 400w, https:\/\/schuetzenverein-glehn.de\/wp-content\/uploads\/2025\/09\/Hardy-Elle-50-Jahre-Jgz-57-59-Spaetlese-600x906.jpg 600w, https:\/\/schuetzenverein-glehn.de\/wp-content\/uploads\/2025\/09\/Hardy-Elle-50-Jahre-Jgz-57-59-Spaetlese-800x1208.jpg 800w, https:\/\/schuetzenverein-glehn.de\/wp-content\/uploads\/2025\/09\/Hardy-Elle-50-Jahre-Jgz-57-59-Spaetlese-1200x1812.jpg 1200w, https:\/\/schuetzenverein-glehn.de\/wp-content\/uploads\/2025\/09\/Hardy-Elle-50-Jahre-Jgz-57-59-Spaetlese-rotated.jpg 1632w\" sizes=\"(max-width: 640px) 100vw, 400px\" \/><\/div><\/div><div class=\"person-desc\" style=\"background-color:var(--awb-color7);padding:40px;margin-top:0;\"><div class=\"person-author\"><div class=\"person-author-wrapper\"><span class=\"person-name\">Hardy Elle<\/span><span class=\"person-title\">50 Jahre<\/span><\/div><\/div><div class=\"person-content fusion-clearfix\"><\/div><\/div><\/div><\/div><\/div><div class=\"fusion-layout-column fusion_builder_column fusion-builder-column-11 fusion_builder_column_1_3 1_3 fusion-flex-column\" style=\"--awb-bg-size:cover;--awb-width-large:33.333333333333%;--awb-margin-top-large:0px;--awb-spacing-right-large:5.76%;--awb-margin-bottom-large:20px;--awb-spacing-left-large:5.76%;--awb-width-medium:33.333333333333%;--awb-order-medium:0;--awb-spacing-right-medium:5.76%;--awb-spacing-left-medium:5.76%;--awb-width-small:100%;--awb-order-small:0;--awb-spacing-right-small:1.92%;--awb-spacing-left-small:1.92%;\"><div class=\"fusion-column-wrapper fusion-column-has-shadow fusion-flex-justify-content-flex-start fusion-content-layout-column\"><div class=\"fusion-person person fusion-person-left fusion-person-7 fusion-person-icon-top\" style=\"--awb-pic-style-color:var(--awb-color8);--awb-pic-borderradius:15px;--awb-margin-top:0px;--awb-margin-right:0px;--awb-margin-bottom:0px;--awb-margin-left:0px;--awb-social-box-border-top:0px;--awb-social-box-border-right:0px;--awb-social-box-border-bottom:0px;--awb-social-box-border-left:0px;--awb-social-box-border-color:var(--awb-color3);--awb-social-box-border-color-hover:var(--awb-color4);--awb-social-box-colors-hover:var(--awb-color1);--awb-social-icon-boxed-colors:var(--awb-color2);--awb-social-icon-colors:var(--awb-color6);--awb-social-icon-colors-hover:var(--awb-color4);\"><div class=\"person-shortcode-image-wrapper\"><div class=\"person-image-container hover-type-none person-rounded-overflow\" style=\"-webkit-border-radius:15px;-moz-border-radius:15px;border-radius:15px;border:0px solid var(--awb-color3);-webkit-border-radius:15px;-moz-border-radius:15px;border-radius:15px;\"><img decoding=\"async\" class=\"person-img img-responsive wp-image-2916\" width=\"731\" height=\"1024\" src=\"https:\/\/schuetzenverein-glehn.de\/wp-content\/uploads\/2025\/09\/Klaus-Berndt-50-Jahre-Jgz-57-59-Spaetlese-731x1024.jpg\" alt=\"Klaus Berndt\" srcset=\"https:\/\/schuetzenverein-glehn.de\/wp-content\/uploads\/2025\/09\/Klaus-Berndt-50-Jahre-Jgz-57-59-Spaetlese-200x280.jpg 200w, https:\/\/schuetzenverein-glehn.de\/wp-content\/uploads\/2025\/09\/Klaus-Berndt-50-Jahre-Jgz-57-59-Spaetlese-400x561.jpg 400w, https:\/\/schuetzenverein-glehn.de\/wp-content\/uploads\/2025\/09\/Klaus-Berndt-50-Jahre-Jgz-57-59-Spaetlese-600x841.jpg 600w, https:\/\/schuetzenverein-glehn.de\/wp-content\/uploads\/2025\/09\/Klaus-Berndt-50-Jahre-Jgz-57-59-Spaetlese-800x1121.jpg 800w, https:\/\/schuetzenverein-glehn.de\/wp-content\/uploads\/2025\/09\/Klaus-Berndt-50-Jahre-Jgz-57-59-Spaetlese-1200x1682.jpg 1200w, https:\/\/schuetzenverein-glehn.de\/wp-content\/uploads\/2025\/09\/Klaus-Berndt-50-Jahre-Jgz-57-59-Spaetlese.jpg 1632w\" sizes=\"(max-width: 640px) 100vw, 400px\" \/><\/div><\/div><div class=\"person-desc\" style=\"background-color:var(--awb-color7);padding:40px;margin-top:0;\"><div class=\"person-author\"><div class=\"person-author-wrapper\"><span class=\"person-name\">Klaus Berndt<\/span><span class=\"person-title\">50 Jahre<\/span><\/div><\/div><div class=\"person-content fusion-clearfix\"><\/div><\/div><\/div><\/div><\/div><div class=\"fusion-layout-column fusion_builder_column fusion-builder-column-12 fusion_builder_column_1_3 1_3 fusion-flex-column\" style=\"--awb-bg-size:cover;--awb-width-large:33.333333333333%;--awb-margin-top-large:0px;--awb-spacing-right-large:5.76%;--awb-margin-bottom-large:20px;--awb-spacing-left-large:5.76%;--awb-width-medium:33.333333333333%;--awb-order-medium:0;--awb-spacing-right-medium:5.76%;--awb-spacing-left-medium:5.76%;--awb-width-small:100%;--awb-order-small:0;--awb-spacing-right-small:1.92%;--awb-spacing-left-small:1.92%;\"><div class=\"fusion-column-wrapper fusion-column-has-shadow fusion-flex-justify-content-flex-start fusion-content-layout-column\"><div class=\"fusion-person person fusion-person-left fusion-person-8 fusion-person-icon-top\" style=\"--awb-pic-style-color:var(--awb-color8);--awb-pic-borderradius:15px;--awb-margin-top:0px;--awb-margin-right:0px;--awb-margin-bottom:0px;--awb-margin-left:0px;--awb-social-box-border-top:0px;--awb-social-box-border-right:0px;--awb-social-box-border-bottom:0px;--awb-social-box-border-left:0px;--awb-social-box-border-color:var(--awb-color3);--awb-social-box-border-color-hover:var(--awb-color4);--awb-social-box-colors-hover:var(--awb-color1);--awb-social-icon-boxed-colors:var(--awb-color2);--awb-social-icon-colors:var(--awb-color6);--awb-social-icon-colors-hover:var(--awb-color4);\"><div class=\"person-shortcode-image-wrapper\"><div class=\"person-image-container hover-type-none person-rounded-overflow\" style=\"-webkit-border-radius:15px;-moz-border-radius:15px;border-radius:15px;border:0px solid var(--awb-color3);-webkit-border-radius:15px;-moz-border-radius:15px;border-radius:15px;\"><img decoding=\"async\" class=\"person-img img-responsive wp-image-2917\" width=\"726\" height=\"1024\" src=\"https:\/\/schuetzenverein-glehn.de\/wp-content\/uploads\/2025\/09\/Norbert-Rothausen-50-Jahre-Jgz-57-59-Spaetlese-726x1024.jpg\" alt=\"Norbert Rothausen\" srcset=\"https:\/\/schuetzenverein-glehn.de\/wp-content\/uploads\/2025\/09\/Norbert-Rothausen-50-Jahre-Jgz-57-59-Spaetlese-200x282.jpg 200w, https:\/\/schuetzenverein-glehn.de\/wp-content\/uploads\/2025\/09\/Norbert-Rothausen-50-Jahre-Jgz-57-59-Spaetlese-400x564.jpg 400w, https:\/\/schuetzenverein-glehn.de\/wp-content\/uploads\/2025\/09\/Norbert-Rothausen-50-Jahre-Jgz-57-59-Spaetlese-600x846.jpg 600w, https:\/\/schuetzenverein-glehn.de\/wp-content\/uploads\/2025\/09\/Norbert-Rothausen-50-Jahre-Jgz-57-59-Spaetlese-800x1128.jpg 800w, https:\/\/schuetzenverein-glehn.de\/wp-content\/uploads\/2025\/09\/Norbert-Rothausen-50-Jahre-Jgz-57-59-Spaetlese-1200x1693.jpg 1200w, https:\/\/schuetzenverein-glehn.de\/wp-content\/uploads\/2025\/09\/Norbert-Rothausen-50-Jahre-Jgz-57-59-Spaetlese.jpg 1632w\" sizes=\"(max-width: 640px) 100vw, 400px\" \/><\/div><\/div><div class=\"person-desc\" style=\"background-color:var(--awb-color7);padding:40px;margin-top:0;\"><div class=\"person-author\"><div class=\"person-author-wrapper\"><span class=\"person-name\">Norbert Rothausen<\/span><span class=\"person-title\">50 Jahre<\/span><\/div><\/div><div class=\"person-content fusion-clearfix\"><\/div><\/div><\/div><\/div><\/div><div class=\"fusion-layout-column fusion_builder_column fusion-builder-column-13 fusion_builder_column_1_1 1_1 fusion-flex-column\" style=\"--awb-bg-size:cover;--awb-width-large:100%;--awb-margin-top-large:0px;--awb-spacing-right-large:1.92%;--awb-margin-bottom-large:20px;--awb-spacing-left-large:1.92%;--awb-width-medium:100%;--awb-order-medium:0;--awb-spacing-right-medium:1.92%;--awb-spacing-left-medium:1.92%;--awb-width-small:100%;--awb-order-small:0;--awb-spacing-right-small:1.92%;--awb-spacing-left-small:1.92%;\"><div class=\"fusion-column-wrapper fusion-column-has-shadow fusion-flex-justify-content-center fusion-content-layout-column\"><div class=\"fusion-text fusion-text-7\" style=\"--awb-text-transform:none;\"><h3 style=\"text-align: center;\">50 Jahre &#8211; J\u00e4gerzug Buscher M\u00f6pp<\/h3>\n<\/div><div class=\"fusion-separator\" style=\"align-self: center;margin-left: auto;margin-right: auto;margin-top:40px;margin-bottom:40px;width:100%;max-width:400px;\"><div class=\"fusion-separator-border sep-double\" style=\"--awb-height:20px;--awb-amount:20px;--awb-sep-color:rgba(255,255,255,0);border-color:rgba(255,255,255,0);border-top-width:0px;border-bottom-width:0px;\"><\/div><\/div><div class=\"fusion-text fusion-text-8\"><p>leider keine Bild vorhanden<\/p>\n<\/div><div class=\"fusion-separator\" style=\"align-self: center;margin-left: auto;margin-right: auto;margin-top:40px;margin-bottom:40px;width:100%;max-width:400px;\"><div class=\"fusion-separator-border sep-double\" style=\"--awb-height:20px;--awb-amount:20px;--awb-sep-color:rgba(255,255,255,0);border-color:rgba(255,255,255,0);border-top-width:0px;border-bottom-width:0px;\"><\/div><\/div><div class=\"fusion-text fusion-text-9\"><p>leider keine Chronik vorhanden<\/p>\n<\/div><\/div><\/div><div class=\"fusion-layout-column fusion_builder_column fusion-builder-column-14 fusion_builder_column_1_1 1_1 fusion-flex-column\" style=\"--awb-bg-size:cover;--awb-width-large:100%;--awb-margin-top-large:0px;--awb-spacing-right-large:1.92%;--awb-margin-bottom-large:20px;--awb-spacing-left-large:1.92%;--awb-width-medium:100%;--awb-order-medium:0;--awb-spacing-right-medium:1.92%;--awb-spacing-left-medium:1.92%;--awb-width-small:100%;--awb-order-small:0;--awb-spacing-right-small:1.92%;--awb-spacing-left-small:1.92%;\"><div class=\"fusion-column-wrapper fusion-column-has-shadow fusion-flex-justify-content-flex-start fusion-content-layout-column\"><div class=\"fusion-separator\" style=\"align-self: center;margin-left: auto;margin-right: auto;margin-top:40px;margin-bottom:40px;width:100%;max-width:400px;\"><div class=\"fusion-separator-border sep-single sep-solid\" style=\"--awb-height:20px;--awb-amount:20px;--awb-sep-color:var(--awb-color5);border-color:var(--awb-color5);border-top-width:3px;\"><\/div><\/div><\/div><\/div><\/div><\/div><div class=\"fusion-fullwidth fullwidth-box fusion-builder-row-5 fusion-flex-container nonhundred-percent-fullwidth non-hundred-percent-height-scrolling\" style=\"--awb-border-radius-top-left:0px;--awb-border-radius-top-right:0px;--awb-border-radius-bottom-right:0px;--awb-border-radius-bottom-left:0px;--awb-padding-top:20px;--awb-padding-bottom:40px;--awb-flex-wrap:wrap;\" ><div class=\"fusion-builder-row fusion-row fusion-flex-align-items-flex-start fusion-flex-content-wrap\" style=\"max-width:1248px;margin-left: calc(-4% \/ 2 );margin-right: calc(-4% \/ 2 );\"><div class=\"fusion-layout-column fusion_builder_column fusion-builder-column-15 fusion_builder_column_1_1 1_1 fusion-flex-column\" style=\"--awb-bg-size:cover;--awb-width-large:100%;--awb-margin-top-large:0px;--awb-spacing-right-large:1.92%;--awb-margin-bottom-large:20px;--awb-spacing-left-large:1.92%;--awb-width-medium:100%;--awb-order-medium:0;--awb-spacing-right-medium:1.92%;--awb-spacing-left-medium:1.92%;--awb-width-small:100%;--awb-order-small:0;--awb-spacing-right-small:1.92%;--awb-spacing-left-small:1.92%;\"><div class=\"fusion-column-wrapper fusion-column-has-shadow fusion-flex-justify-content-center fusion-content-layout-column\"><div class=\"fusion-text fusion-text-10\" style=\"--awb-text-transform:none;\"><h3 style=\"text-align: center;\">40 Jahre - J\u00e4gerzug Sp\u00e4tz\u00fcnder<\/h3>\n<\/div><div class=\"fusion-separator\" style=\"align-self: center;margin-left: auto;margin-right: auto;margin-top:40px;margin-bottom:40px;width:100%;max-width:400px;\"><div class=\"fusion-separator-border sep-double\" style=\"--awb-height:20px;--awb-amount:20px;--awb-sep-color:rgba(255,255,255,0);border-color:rgba(255,255,255,0);border-top-width:0px;border-bottom-width:0px;\"><\/div><\/div><div class=\"fusion-image-element \" style=\"text-align:center;--awb-caption-title-font-family:var(--h2_typography-font-family);--awb-caption-title-font-weight:var(--h2_typography-font-weight);--awb-caption-title-font-style:var(--h2_typography-font-style);--awb-caption-title-size:var(--h2_typography-font-size);--awb-caption-title-transform:var(--h2_typography-text-transform);--awb-caption-title-line-height:var(--h2_typography-line-height);--awb-caption-title-letter-spacing:var(--h2_typography-letter-spacing);\"><span class=\" fusion-imageframe imageframe-none imageframe-6 hover-type-none\" style=\"border-radius:15px;\"><img decoding=\"async\" width=\"1024\" height=\"768\" title=\"40_Jahre Jgz Sp\u00e4tz\u00fcnder\" src=\"https:\/\/schuetzenverein-glehn.de\/wp-content\/uploads\/2025\/09\/40_Jahre-Jgz-Spaetzuender-1024x768.jpg\" alt class=\"img-responsive wp-image-2909\" srcset=\"https:\/\/schuetzenverein-glehn.de\/wp-content\/uploads\/2025\/09\/40_Jahre-Jgz-Spaetzuender-200x150.jpg 200w, https:\/\/schuetzenverein-glehn.de\/wp-content\/uploads\/2025\/09\/40_Jahre-Jgz-Spaetzuender-400x300.jpg 400w, https:\/\/schuetzenverein-glehn.de\/wp-content\/uploads\/2025\/09\/40_Jahre-Jgz-Spaetzuender-600x450.jpg 600w, https:\/\/schuetzenverein-glehn.de\/wp-content\/uploads\/2025\/09\/40_Jahre-Jgz-Spaetzuender-800x600.jpg 800w, https:\/\/schuetzenverein-glehn.de\/wp-content\/uploads\/2025\/09\/40_Jahre-Jgz-Spaetzuender-1200x900.jpg 1200w\" sizes=\"(max-width: 640px) 100vw, 1200px\" \/><\/span><\/div><div class=\"fusion-separator\" style=\"align-self: center;margin-left: auto;margin-right: auto;margin-top:40px;margin-bottom:40px;width:100%;max-width:400px;\"><div class=\"fusion-separator-border sep-double\" style=\"--awb-height:20px;--awb-amount:20px;--awb-sep-color:rgba(255,255,255,0);border-color:rgba(255,255,255,0);border-top-width:0px;border-bottom-width:0px;\"><\/div><\/div><div class=\"fusion-text fusion-text-11\"><p>der Sch\u00fctzenzug\u00a0 \"Sp\u00e4tz\u00fcnder\"\u00a0 ist aus\u00a0 der damaligen Altherrengemeinschaft des SV Glehn im Jahr 1984 \/ 85\u00a0 entstanden<\/p>\n<\/div><\/div><\/div><div class=\"fusion-layout-column fusion_builder_column fusion-builder-column-16 fusion_builder_column_1_3 1_3 fusion-flex-column\" style=\"--awb-bg-size:cover;--awb-width-large:33.333333333333%;--awb-margin-top-large:0px;--awb-spacing-right-large:5.76%;--awb-margin-bottom-large:20px;--awb-spacing-left-large:5.76%;--awb-width-medium:33.333333333333%;--awb-order-medium:0;--awb-spacing-right-medium:5.76%;--awb-spacing-left-medium:5.76%;--awb-width-small:100%;--awb-order-small:0;--awb-spacing-right-small:1.92%;--awb-spacing-left-small:1.92%;\"><div class=\"fusion-column-wrapper fusion-column-has-shadow fusion-flex-justify-content-flex-start fusion-content-layout-column\"><div class=\"fusion-person person fusion-person-left fusion-person-9 fusion-person-icon-top\" style=\"--awb-pic-style-color:var(--awb-color8);--awb-pic-borderradius:15px;--awb-margin-top:0px;--awb-margin-right:0px;--awb-margin-bottom:0px;--awb-margin-left:0px;--awb-social-box-border-top:0px;--awb-social-box-border-right:0px;--awb-social-box-border-bottom:0px;--awb-social-box-border-left:0px;--awb-social-box-border-color:var(--awb-color3);--awb-social-box-border-color-hover:var(--awb-color4);--awb-social-box-colors-hover:var(--awb-color1);--awb-social-icon-boxed-colors:var(--awb-color2);--awb-social-icon-colors:var(--awb-color6);--awb-social-icon-colors-hover:var(--awb-color4);\"><div class=\"person-desc\" style=\"background-color:var(--awb-color7);padding:40px;margin-top:0;\"><div class=\"person-author\"><div class=\"person-author-wrapper\"><span class=\"person-name\">Burkhard Golasch<\/span><span class=\"person-title\">Jgz. Sp\u00e4tz\u00fcnder<\/span><\/div><\/div><div class=\"person-content fusion-clearfix\"><\/div><\/div><\/div><\/div><\/div><div class=\"fusion-layout-column fusion_builder_column fusion-builder-column-17 fusion_builder_column_1_3 1_3 fusion-flex-column\" style=\"--awb-bg-size:cover;--awb-width-large:33.333333333333%;--awb-margin-top-large:0px;--awb-spacing-right-large:5.76%;--awb-margin-bottom-large:20px;--awb-spacing-left-large:5.76%;--awb-width-medium:33.333333333333%;--awb-order-medium:0;--awb-spacing-right-medium:5.76%;--awb-spacing-left-medium:5.76%;--awb-width-small:100%;--awb-order-small:0;--awb-spacing-right-small:1.92%;--awb-spacing-left-small:1.92%;\"><div class=\"fusion-column-wrapper fusion-column-has-shadow fusion-flex-justify-content-flex-start fusion-content-layout-column\"><div class=\"fusion-person person fusion-person-left fusion-person-10 fusion-person-icon-top\" style=\"--awb-pic-style-color:var(--awb-color8);--awb-pic-borderradius:15px;--awb-margin-top:0px;--awb-margin-right:0px;--awb-margin-bottom:0px;--awb-margin-left:0px;--awb-social-box-border-top:0px;--awb-social-box-border-right:0px;--awb-social-box-border-bottom:0px;--awb-social-box-border-left:0px;--awb-social-box-border-color:var(--awb-color3);--awb-social-box-border-color-hover:var(--awb-color4);--awb-social-box-colors-hover:var(--awb-color1);--awb-social-icon-boxed-colors:var(--awb-color2);--awb-social-icon-colors:var(--awb-color6);--awb-social-icon-colors-hover:var(--awb-color4);\"><div class=\"person-desc\" style=\"background-color:var(--awb-color7);padding:40px;margin-top:0;\"><div class=\"person-author\"><div class=\"person-author-wrapper\"><span class=\"person-name\">Josef Heckmanns<\/span><span class=\"person-title\">Jgz. Sp\u00e4tz\u00fcnder<\/span><\/div><\/div><div class=\"person-content fusion-clearfix\"><\/div><\/div><\/div><\/div><\/div><div class=\"fusion-layout-column fusion_builder_column fusion-builder-column-18 fusion_builder_column_1_3 1_3 fusion-flex-column\" style=\"--awb-bg-size:cover;--awb-width-large:33.333333333333%;--awb-margin-top-large:0px;--awb-spacing-right-large:5.76%;--awb-margin-bottom-large:20px;--awb-spacing-left-large:5.76%;--awb-width-medium:33.333333333333%;--awb-order-medium:0;--awb-spacing-right-medium:5.76%;--awb-spacing-left-medium:5.76%;--awb-width-small:100%;--awb-order-small:0;--awb-spacing-right-small:1.92%;--awb-spacing-left-small:1.92%;\"><div class=\"fusion-column-wrapper fusion-column-has-shadow fusion-flex-justify-content-flex-start fusion-content-layout-column\"><div class=\"fusion-person person fusion-person-left fusion-person-11 fusion-person-icon-top\" style=\"--awb-pic-style-color:var(--awb-color8);--awb-pic-borderradius:15px;--awb-margin-top:0px;--awb-margin-right:0px;--awb-margin-bottom:0px;--awb-margin-left:0px;--awb-social-box-border-top:0px;--awb-social-box-border-right:0px;--awb-social-box-border-bottom:0px;--awb-social-box-border-left:0px;--awb-social-box-border-color:var(--awb-color3);--awb-social-box-border-color-hover:var(--awb-color4);--awb-social-box-colors-hover:var(--awb-color1);--awb-social-icon-boxed-colors:var(--awb-color2);--awb-social-icon-colors:var(--awb-color6);--awb-social-icon-colors-hover:var(--awb-color4);\"><div class=\"person-desc\" style=\"background-color:var(--awb-color7);padding:40px;margin-top:0;\"><div class=\"person-author\"><div class=\"person-author-wrapper\"><span class=\"person-name\">Siegfried Schlieffers<\/span><span class=\"person-title\">Jgz. Sp\u00e4tz\u00fcnder<\/span><\/div><\/div><div class=\"person-content fusion-clearfix\"><\/div><\/div><\/div><\/div><\/div><div class=\"fusion-layout-column fusion_builder_column fusion-builder-column-19 fusion_builder_column_1_3 1_3 fusion-flex-column\" style=\"--awb-bg-size:cover;--awb-width-large:33.333333333333%;--awb-margin-top-large:0px;--awb-spacing-right-large:5.76%;--awb-margin-bottom-large:20px;--awb-spacing-left-large:5.76%;--awb-width-medium:33.333333333333%;--awb-order-medium:0;--awb-spacing-right-medium:5.76%;--awb-spacing-left-medium:5.76%;--awb-width-small:100%;--awb-order-small:0;--awb-spacing-right-small:1.92%;--awb-spacing-left-small:1.92%;\"><div class=\"fusion-column-wrapper fusion-column-has-shadow fusion-flex-justify-content-flex-start fusion-content-layout-column\"><div class=\"fusion-person person fusion-person-left fusion-person-12 fusion-person-icon-top\" style=\"--awb-pic-style-color:var(--awb-color8);--awb-pic-borderradius:15px;--awb-margin-top:0px;--awb-margin-right:0px;--awb-margin-bottom:0px;--awb-margin-left:0px;--awb-social-box-border-top:0px;--awb-social-box-border-right:0px;--awb-social-box-border-bottom:0px;--awb-social-box-border-left:0px;--awb-social-box-border-color:var(--awb-color3);--awb-social-box-border-color-hover:var(--awb-color4);--awb-social-box-colors-hover:var(--awb-color1);--awb-social-icon-boxed-colors:var(--awb-color2);--awb-social-icon-colors:var(--awb-color6);--awb-social-icon-colors-hover:var(--awb-color4);\"><div class=\"person-desc\" style=\"background-color:var(--awb-color7);padding:40px;margin-top:0;\"><div class=\"person-author\"><div class=\"person-author-wrapper\"><span class=\"person-name\">Heinz-Willi Zimmermann<\/span><span class=\"person-title\">Jgz. Sp\u00e4tz\u00fcnder<\/span><\/div><\/div><div class=\"person-content fusion-clearfix\"><\/div><\/div><\/div><\/div><\/div><div class=\"fusion-layout-column fusion_builder_column fusion-builder-column-20 fusion_builder_column_1_1 1_1 fusion-flex-column\" style=\"--awb-bg-size:cover;--awb-width-large:100%;--awb-margin-top-large:0px;--awb-spacing-right-large:1.92%;--awb-margin-bottom-large:20px;--awb-spacing-left-large:1.92%;--awb-width-medium:100%;--awb-order-medium:0;--awb-spacing-right-medium:1.92%;--awb-spacing-left-medium:1.92%;--awb-width-small:100%;--awb-order-small:0;--awb-spacing-right-small:1.92%;--awb-spacing-left-small:1.92%;\"><div class=\"fusion-column-wrapper fusion-column-has-shadow fusion-flex-justify-content-flex-start fusion-content-layout-column\"><div class=\"fusion-separator\" style=\"align-self: center;margin-left: auto;margin-right: auto;margin-top:40px;margin-bottom:40px;width:100%;max-width:400px;\"><div class=\"fusion-separator-border sep-single sep-solid\" style=\"--awb-height:20px;--awb-amount:20px;--awb-sep-color:var(--awb-color5);border-color:var(--awb-color5);border-top-width:3px;\"><\/div><\/div><\/div><\/div><\/div><\/div><div class=\"fusion-fullwidth fullwidth-box fusion-builder-row-6 fusion-flex-container nonhundred-percent-fullwidth non-hundred-percent-height-scrolling\" style=\"--awb-border-radius-top-left:0px;--awb-border-radius-top-right:0px;--awb-border-radius-bottom-right:0px;--awb-border-radius-bottom-left:0px;--awb-padding-top:20px;--awb-padding-bottom:40px;--awb-flex-wrap:wrap;\" ><div class=\"fusion-builder-row fusion-row fusion-flex-align-items-flex-start fusion-flex-content-wrap\" style=\"max-width:1248px;margin-left: calc(-4% \/ 2 );margin-right: calc(-4% \/ 2 );\"><div class=\"fusion-layout-column fusion_builder_column fusion-builder-column-21 fusion_builder_column_1_1 1_1 fusion-flex-column\" style=\"--awb-bg-size:cover;--awb-width-large:100%;--awb-margin-top-large:0px;--awb-spacing-right-large:1.92%;--awb-margin-bottom-large:20px;--awb-spacing-left-large:1.92%;--awb-width-medium:100%;--awb-order-medium:0;--awb-spacing-right-medium:1.92%;--awb-spacing-left-medium:1.92%;--awb-width-small:100%;--awb-order-small:0;--awb-spacing-right-small:1.92%;--awb-spacing-left-small:1.92%;\"><div class=\"fusion-column-wrapper fusion-column-has-shadow fusion-flex-justify-content-center fusion-content-layout-column\"><div class=\"fusion-text fusion-text-12\" style=\"--awb-text-transform:none;\"><h3 style=\"text-align: center;\">40Jahre - Grenadierzug Unerm\u00fcdlich<\/h3>\n<\/div><div class=\"fusion-separator\" style=\"align-self: center;margin-left: auto;margin-right: auto;margin-top:40px;margin-bottom:40px;width:100%;max-width:400px;\"><div class=\"fusion-separator-border sep-double\" style=\"--awb-height:20px;--awb-amount:20px;--awb-sep-color:rgba(255,255,255,0);border-color:rgba(255,255,255,0);border-top-width:0px;border-bottom-width:0px;\"><\/div><\/div><div class=\"fusion-image-element \" style=\"text-align:center;--awb-caption-title-font-family:var(--h2_typography-font-family);--awb-caption-title-font-weight:var(--h2_typography-font-weight);--awb-caption-title-font-style:var(--h2_typography-font-style);--awb-caption-title-size:var(--h2_typography-font-size);--awb-caption-title-transform:var(--h2_typography-text-transform);--awb-caption-title-line-height:var(--h2_typography-line-height);--awb-caption-title-letter-spacing:var(--h2_typography-letter-spacing);\"><span class=\" fusion-imageframe imageframe-none imageframe-7 hover-type-none\" style=\"border-radius:15px;\"><img decoding=\"async\" width=\"1024\" height=\"822\" title=\"Grenadierzug Unerm\u00fcdlich 40 Jahre\" src=\"https:\/\/schuetzenverein-glehn.de\/wp-content\/uploads\/2025\/09\/Grenadierzug-Unermuedlich-40-Jahre-1024x822.jpg\" alt class=\"img-responsive wp-image-2910\" srcset=\"https:\/\/schuetzenverein-glehn.de\/wp-content\/uploads\/2025\/09\/Grenadierzug-Unermuedlich-40-Jahre-200x161.jpg 200w, https:\/\/schuetzenverein-glehn.de\/wp-content\/uploads\/2025\/09\/Grenadierzug-Unermuedlich-40-Jahre-400x321.jpg 400w, https:\/\/schuetzenverein-glehn.de\/wp-content\/uploads\/2025\/09\/Grenadierzug-Unermuedlich-40-Jahre-600x482.jpg 600w, https:\/\/schuetzenverein-glehn.de\/wp-content\/uploads\/2025\/09\/Grenadierzug-Unermuedlich-40-Jahre-800x642.jpg 800w, https:\/\/schuetzenverein-glehn.de\/wp-content\/uploads\/2025\/09\/Grenadierzug-Unermuedlich-40-Jahre-1200x963.jpg 1200w\" sizes=\"(max-width: 640px) 100vw, 1200px\" \/><\/span><\/div><div class=\"fusion-separator\" style=\"align-self: center;margin-left: auto;margin-right: auto;margin-top:40px;margin-bottom:40px;width:100%;max-width:400px;\"><div class=\"fusion-separator-border sep-double\" style=\"--awb-height:20px;--awb-amount:20px;--awb-sep-color:rgba(255,255,255,0);border-color:rgba(255,255,255,0);border-top-width:0px;border-bottom-width:0px;\"><\/div><\/div><div class=\"fusion-text fusion-text-13\"><p><strong>Chronik Grenadierzug Unerm\u00fcdlich<\/strong><\/p>\n<p><strong>\u00a0<\/strong><\/p>\n<p>Gegr\u00fcndet wurde der Grenadierzug Unerm\u00fcdlich nach dem Sch\u00fctzenfest 1983.<\/p>\n<p>Die erste Teilnahme am Glehner Sch\u00fctzenfest erfolgte 1985, da 1984 noch nicht alle Zugmitglieder 16 Jahre alt waren.<\/p>\n<p>Gr\u00fcndungsmitglieder waren: Holger Dickers, Robert Pilatus, Norbert Fritsch, Hans-Peter Esser, Stefan Schmitz, Oliver Heller, Michael Asmussen, Andreas Plettke, J\u00fcrgen Heitmann, Mathias Stepprath, Frank H\u00fclsmanns.<\/p>\n<p>Oberleutnant:\u00a0 Von 1985 bis 1990 Holger Dickers<\/p>\n<p>Von 1990 bis 2024 Andreas Plettke<br \/>\nSeit 2024 Andreas Golla<\/p>\n<p>Seitenoffizier:\u00a0\u00a0 Von 1985 bis 1990 Frank H\u00fclsmanns<\/p>\n<p>Seit 1990 Stefan Schmitz<\/p>\n<p>Spie\u00df:\u00a0\u00a0\u00a0\u00a0\u00a0\u00a0\u00a0\u00a0\u00a0\u00a0\u00a0\u00a0\u00a0\u00a0\u00a0\u00a0\u00a0\u00a0 Von 1985 bis 1990 Stefan Schmitz<\/p>\n<p>Seit 1990 Hans-Peter Esser<\/p>\n<p>Zug\u00e4nge:\u00a0\u00a0\u00a0\u00a0\u00a0\u00a0\u00a0\u00a0\u00a0\u00a0\u00a0\u00a0 Holger Franzen<\/p>\n<p>Dirk Moeker<\/p>\n<p>Alfons Meilenbrock<\/p>\n<p>Mike Hackmann<\/p>\n<p>Markus Stange<br \/>\nAndreas Golla<\/p>\n<p>Peter Puppele<\/p>\n<p>Abg\u00e4nge:\u00a0\u00a0\u00a0\u00a0\u00a0\u00a0\u00a0\u00a0\u00a0\u00a0\u00a0 J\u00fcrgen Heitmann<\/p>\n<p>Holger Franzen<\/p>\n<p>Mathias Stepprath<\/p>\n<p>Frank H\u00fclsmanns<\/p>\n<p>Dirk Moeker<\/p>\n<p>Norbert Fritsch<\/p>\n<p>Markus Stange<\/p>\n<p>Unser Zug konnte beim Grenadierschie\u00dfen folgende Sieger stellen:<\/p>\n<ul>\n<li>Einzelsieger<\/li>\n<\/ul>\n<p>1984\/1985\u00a0\u00a0\u00a0\u00a0\u00a0\u00a0\u00a0\u00a0\u00a0\u00a0 Mathias Stepprath<\/p>\n<p>1985\/1986\u00a0\u00a0\u00a0\u00a0\u00a0\u00a0\u00a0\u00a0\u00a0\u00a0 Andreas Plettke<\/p>\n<p>1989\/1990\u00a0\u00a0\u00a0\u00a0\u00a0\u00a0\u00a0\u00a0\u00a0\u00a0 Stefan Schmitz<\/p>\n<p>2007\/2008\u00a0\u00a0\u00a0\u00a0\u00a0\u00a0\u00a0\u00a0\u00a0\u00a0 Hans-Peter Esser<\/p>\n<ul>\n<li>Zugsieger<\/li>\n<\/ul>\n<p>1984\/1985<\/p>\n<p>1985\/1986<\/p>\n<p>1997\/1998<\/p>\n<p>In den Jahren 1988 bis 1990 waren wir Tr\u00e4ger der Schwenkfahne des Grenadierkorps.<\/p>\n<p>Fahnenschwenker waren Frank H\u00fclsmanns und Holger Franzen.<\/p>\n<p>1986 baute unser Zug eine Gro\u00dffackel \u2013 das Umweltauto.<\/p>\n<\/div><\/div><\/div><div class=\"fusion-layout-column fusion_builder_column fusion-builder-column-22 fusion_builder_column_1_3 1_3 fusion-flex-column\" style=\"--awb-bg-size:cover;--awb-width-large:33.333333333333%;--awb-margin-top-large:0px;--awb-spacing-right-large:5.76%;--awb-margin-bottom-large:20px;--awb-spacing-left-large:5.76%;--awb-width-medium:33.333333333333%;--awb-order-medium:0;--awb-spacing-right-medium:5.76%;--awb-spacing-left-medium:5.76%;--awb-width-small:100%;--awb-order-small:0;--awb-spacing-right-small:1.92%;--awb-spacing-left-small:1.92%;\"><div class=\"fusion-column-wrapper fusion-column-has-shadow fusion-flex-justify-content-flex-start fusion-content-layout-column\"><div class=\"fusion-person person fusion-person-left fusion-person-13 fusion-person-icon-top\" style=\"--awb-pic-style-color:var(--awb-color8);--awb-pic-borderradius:15px;--awb-margin-top:0px;--awb-margin-right:0px;--awb-margin-bottom:0px;--awb-margin-left:0px;--awb-social-box-border-top:0px;--awb-social-box-border-right:0px;--awb-social-box-border-bottom:0px;--awb-social-box-border-left:0px;--awb-social-box-border-color:var(--awb-color3);--awb-social-box-border-color-hover:var(--awb-color4);--awb-social-box-colors-hover:var(--awb-color1);--awb-social-icon-boxed-colors:var(--awb-color2);--awb-social-icon-colors:var(--awb-color6);--awb-social-icon-colors-hover:var(--awb-color4);\"><div class=\"person-desc\" style=\"background-color:var(--awb-color7);padding:40px;margin-top:0;\"><div class=\"person-author\"><div class=\"person-author-wrapper\"><span class=\"person-name\">Michael Asmussen<\/span><span class=\"person-title\">Gdz. Unerm\u00fcdlich<\/span><\/div><\/div><div class=\"person-content fusion-clearfix\"><\/div><\/div><\/div><\/div><\/div><div class=\"fusion-layout-column fusion_builder_column fusion-builder-column-23 fusion_builder_column_1_3 1_3 fusion-flex-column\" style=\"--awb-bg-size:cover;--awb-width-large:33.333333333333%;--awb-margin-top-large:0px;--awb-spacing-right-large:5.76%;--awb-margin-bottom-large:20px;--awb-spacing-left-large:5.76%;--awb-width-medium:33.333333333333%;--awb-order-medium:0;--awb-spacing-right-medium:5.76%;--awb-spacing-left-medium:5.76%;--awb-width-small:100%;--awb-order-small:0;--awb-spacing-right-small:1.92%;--awb-spacing-left-small:1.92%;\"><div class=\"fusion-column-wrapper fusion-column-has-shadow fusion-flex-justify-content-flex-start fusion-content-layout-column\"><div class=\"fusion-person person fusion-person-left fusion-person-14 fusion-person-icon-top\" style=\"--awb-pic-style-color:var(--awb-color8);--awb-pic-borderradius:15px;--awb-margin-top:0px;--awb-margin-right:0px;--awb-margin-bottom:0px;--awb-margin-left:0px;--awb-social-box-border-top:0px;--awb-social-box-border-right:0px;--awb-social-box-border-bottom:0px;--awb-social-box-border-left:0px;--awb-social-box-border-color:var(--awb-color3);--awb-social-box-border-color-hover:var(--awb-color4);--awb-social-box-colors-hover:var(--awb-color1);--awb-social-icon-boxed-colors:var(--awb-color2);--awb-social-icon-colors:var(--awb-color6);--awb-social-icon-colors-hover:var(--awb-color4);\"><div class=\"person-desc\" style=\"background-color:var(--awb-color7);padding:40px;margin-top:0;\"><div class=\"person-author\"><div class=\"person-author-wrapper\"><span class=\"person-name\">Oliver Heller<\/span><span class=\"person-title\">Gdz. Unerm\u00fcdlich<\/span><\/div><\/div><div class=\"person-content fusion-clearfix\"><\/div><\/div><\/div><\/div><\/div><div class=\"fusion-layout-column fusion_builder_column fusion-builder-column-24 fusion_builder_column_1_3 1_3 fusion-flex-column\" style=\"--awb-bg-size:cover;--awb-width-large:33.333333333333%;--awb-margin-top-large:0px;--awb-spacing-right-large:5.76%;--awb-margin-bottom-large:20px;--awb-spacing-left-large:5.76%;--awb-width-medium:33.333333333333%;--awb-order-medium:0;--awb-spacing-right-medium:5.76%;--awb-spacing-left-medium:5.76%;--awb-width-small:100%;--awb-order-small:0;--awb-spacing-right-small:1.92%;--awb-spacing-left-small:1.92%;\"><div class=\"fusion-column-wrapper fusion-column-has-shadow fusion-flex-justify-content-flex-start fusion-content-layout-column\"><div class=\"fusion-person person fusion-person-left fusion-person-15 fusion-person-icon-top\" style=\"--awb-pic-style-color:var(--awb-color8);--awb-pic-borderradius:15px;--awb-margin-top:0px;--awb-margin-right:0px;--awb-margin-bottom:0px;--awb-margin-left:0px;--awb-social-box-border-top:0px;--awb-social-box-border-right:0px;--awb-social-box-border-bottom:0px;--awb-social-box-border-left:0px;--awb-social-box-border-color:var(--awb-color3);--awb-social-box-border-color-hover:var(--awb-color4);--awb-social-box-colors-hover:var(--awb-color1);--awb-social-icon-boxed-colors:var(--awb-color2);--awb-social-icon-colors:var(--awb-color6);--awb-social-icon-colors-hover:var(--awb-color4);\"><div class=\"person-desc\" style=\"background-color:var(--awb-color7);padding:40px;margin-top:0;\"><div class=\"person-author\"><div class=\"person-author-wrapper\"><span class=\"person-name\">Robert Pilatus<\/span><span class=\"person-title\">Gdz. Unerm\u00fcdlich<\/span><\/div><\/div><div class=\"person-content fusion-clearfix\"><\/div><\/div><\/div><\/div><\/div><div class=\"fusion-layout-column fusion_builder_column fusion-builder-column-25 fusion_builder_column_1_3 1_3 fusion-flex-column\" style=\"--awb-bg-size:cover;--awb-width-large:33.333333333333%;--awb-margin-top-large:0px;--awb-spacing-right-large:5.76%;--awb-margin-bottom-large:20px;--awb-spacing-left-large:5.76%;--awb-width-medium:33.333333333333%;--awb-order-medium:0;--awb-spacing-right-medium:5.76%;--awb-spacing-left-medium:5.76%;--awb-width-small:100%;--awb-order-small:0;--awb-spacing-right-small:1.92%;--awb-spacing-left-small:1.92%;\"><div class=\"fusion-column-wrapper fusion-column-has-shadow fusion-flex-justify-content-flex-start fusion-content-layout-column\"><div class=\"fusion-person person fusion-person-left fusion-person-16 fusion-person-icon-top\" style=\"--awb-pic-style-color:var(--awb-color8);--awb-pic-borderradius:15px;--awb-margin-top:0px;--awb-margin-right:0px;--awb-margin-bottom:0px;--awb-margin-left:0px;--awb-social-box-border-top:0px;--awb-social-box-border-right:0px;--awb-social-box-border-bottom:0px;--awb-social-box-border-left:0px;--awb-social-box-border-color:var(--awb-color3);--awb-social-box-border-color-hover:var(--awb-color4);--awb-social-box-colors-hover:var(--awb-color1);--awb-social-icon-boxed-colors:var(--awb-color2);--awb-social-icon-colors:var(--awb-color6);--awb-social-icon-colors-hover:var(--awb-color4);\"><div class=\"person-desc\" style=\"background-color:var(--awb-color7);padding:40px;margin-top:0;\"><div class=\"person-author\"><div class=\"person-author-wrapper\"><span class=\"person-name\">Andreas Plettke<\/span><span class=\"person-title\">Gdz. Unerm\u00fcdlich<\/span><\/div><\/div><div class=\"person-content fusion-clearfix\"><\/div><\/div><\/div><\/div><\/div><div class=\"fusion-layout-column fusion_builder_column fusion-builder-column-26 fusion_builder_column_1_3 1_3 fusion-flex-column\" style=\"--awb-bg-size:cover;--awb-width-large:33.333333333333%;--awb-margin-top-large:0px;--awb-spacing-right-large:5.76%;--awb-margin-bottom-large:20px;--awb-spacing-left-large:5.76%;--awb-width-medium:33.333333333333%;--awb-order-medium:0;--awb-spacing-right-medium:5.76%;--awb-spacing-left-medium:5.76%;--awb-width-small:100%;--awb-order-small:0;--awb-spacing-right-small:1.92%;--awb-spacing-left-small:1.92%;\"><div class=\"fusion-column-wrapper fusion-column-has-shadow fusion-flex-justify-content-flex-start fusion-content-layout-column\"><div class=\"fusion-person person fusion-person-left fusion-person-17 fusion-person-icon-top\" style=\"--awb-pic-style-color:var(--awb-color8);--awb-pic-borderradius:15px;--awb-margin-top:0px;--awb-margin-right:0px;--awb-margin-bottom:0px;--awb-margin-left:0px;--awb-social-box-border-top:0px;--awb-social-box-border-right:0px;--awb-social-box-border-bottom:0px;--awb-social-box-border-left:0px;--awb-social-box-border-color:var(--awb-color3);--awb-social-box-border-color-hover:var(--awb-color4);--awb-social-box-colors-hover:var(--awb-color1);--awb-social-icon-boxed-colors:var(--awb-color2);--awb-social-icon-colors:var(--awb-color6);--awb-social-icon-colors-hover:var(--awb-color4);\"><div class=\"person-desc\" style=\"background-color:var(--awb-color7);padding:40px;margin-top:0;\"><div class=\"person-author\"><div class=\"person-author-wrapper\"><span class=\"person-name\">Stefan Schmitz<\/span><span class=\"person-title\">Gdz. Unerm\u00fcdlich<\/span><\/div><\/div><div class=\"person-content fusion-clearfix\"><\/div><\/div><\/div><\/div><\/div><div class=\"fusion-layout-column fusion_builder_column fusion-builder-column-27 fusion_builder_column_1_1 1_1 fusion-flex-column\" style=\"--awb-bg-size:cover;--awb-width-large:100%;--awb-margin-top-large:0px;--awb-spacing-right-large:1.92%;--awb-margin-bottom-large:20px;--awb-spacing-left-large:1.92%;--awb-width-medium:100%;--awb-order-medium:0;--awb-spacing-right-medium:1.92%;--awb-spacing-left-medium:1.92%;--awb-width-small:100%;--awb-order-small:0;--awb-spacing-right-small:1.92%;--awb-spacing-left-small:1.92%;\"><div class=\"fusion-column-wrapper fusion-column-has-shadow fusion-flex-justify-content-flex-start fusion-content-layout-column\"><div class=\"fusion-separator\" style=\"align-self: center;margin-left: auto;margin-right: auto;margin-top:40px;margin-bottom:40px;width:100%;max-width:400px;\"><div class=\"fusion-separator-border sep-single sep-solid\" style=\"--awb-height:20px;--awb-amount:20px;--awb-sep-color:var(--awb-color5);border-color:var(--awb-color5);border-top-width:3px;\"><\/div><\/div><\/div><\/div><\/div><\/div><div class=\"fusion-fullwidth fullwidth-box fusion-builder-row-7 fusion-flex-container nonhundred-percent-fullwidth non-hundred-percent-height-scrolling\" style=\"--awb-border-radius-top-left:0px;--awb-border-radius-top-right:0px;--awb-border-radius-bottom-right:0px;--awb-border-radius-bottom-left:0px;--awb-padding-top:20px;--awb-padding-bottom:40px;--awb-flex-wrap:wrap;\" ><div class=\"fusion-builder-row fusion-row fusion-flex-align-items-flex-start fusion-flex-content-wrap\" style=\"max-width:1248px;margin-left: calc(-4% \/ 2 );margin-right: calc(-4% \/ 2 );\"><div class=\"fusion-layout-column fusion_builder_column fusion-builder-column-28 fusion_builder_column_1_1 1_1 fusion-flex-column\" style=\"--awb-bg-size:cover;--awb-width-large:100%;--awb-margin-top-large:0px;--awb-spacing-right-large:1.92%;--awb-margin-bottom-large:20px;--awb-spacing-left-large:1.92%;--awb-width-medium:100%;--awb-order-medium:0;--awb-spacing-right-medium:1.92%;--awb-spacing-left-medium:1.92%;--awb-width-small:100%;--awb-order-small:0;--awb-spacing-right-small:1.92%;--awb-spacing-left-small:1.92%;\"><div class=\"fusion-column-wrapper fusion-column-has-shadow fusion-flex-justify-content-center fusion-content-layout-column\"><div class=\"fusion-text fusion-text-14\" style=\"--awb-text-transform:none;\"><h3 style=\"text-align: center;\"><strong>25 Jahre - J\u00e4gerzug Millenium<\/strong><\/h3>\n<\/div><div class=\"fusion-separator\" style=\"align-self: center;margin-left: auto;margin-right: auto;margin-top:40px;margin-bottom:40px;width:100%;max-width:400px;\"><div class=\"fusion-separator-border sep-double\" style=\"--awb-height:20px;--awb-amount:20px;--awb-sep-color:rgba(255,255,255,0);border-color:rgba(255,255,255,0);border-top-width:0px;border-bottom-width:0px;\"><\/div><\/div><div class=\"fusion-text fusion-text-15\"><\/div><div class=\"fusion-text fusion-text-16\"><p>gegr. 1999 im Partykeller bei Holger Franzen im Kottenkamp<\/p>\n<p>Anfangs mit 10 Kameraden in den fr\u00fchen 2000 ern mit bis zu 15 M\u00e4nnern auf der Stra\u00dfe, die teilweise noch verst\u00e4rkt wurden durch marschbereite G\u00e4ste!<\/p>\n<p>Danach dann stabile 10-12 Kameraden und von 2006 bis 2019 Fahnenzug mit unserem Fahnenschwenker Frank H\u00fclsmanns!<\/p>\n<p>Dann ereilte uns Corona und eine Austrittswelle schw\u00e4chte unseren Zug wovon wir uns nicht mehr erholten.<\/p>\n<p>Mit aktuell 6 Mitgliedern von denen 5 noch auf der Stra\u00dfe\u00a0zu finden sind \u00a0(Dieter k\u00fcmmert sich immer um unser leibliches Wohl w\u00e4hrend der Umz\u00fcge), befinden wir uns also nach mind. 25 Jahren auf unserer Abschluss Tournee und w\u00fcnschen allen anderen Sch\u00fctzen noch viele sch\u00f6ne Jahre!!!<\/p>\n<\/div><div class=\"fusion-separator\" style=\"align-self: center;margin-left: auto;margin-right: auto;margin-top:40px;margin-bottom:40px;width:100%;max-width:400px;\"><div class=\"fusion-separator-border sep-double\" style=\"--awb-height:20px;--awb-amount:20px;--awb-sep-color:rgba(255,255,255,0);border-color:rgba(255,255,255,0);border-top-width:0px;border-bottom-width:0px;\"><\/div><\/div><\/div><\/div><div class=\"fusion-layout-column fusion_builder_column fusion-builder-column-29 fusion_builder_column_1_3 1_3 fusion-flex-column\" style=\"--awb-bg-size:cover;--awb-width-large:33.333333333333%;--awb-margin-top-large:0px;--awb-spacing-right-large:5.76%;--awb-margin-bottom-large:20px;--awb-spacing-left-large:5.76%;--awb-width-medium:33.333333333333%;--awb-order-medium:0;--awb-spacing-right-medium:5.76%;--awb-spacing-left-medium:5.76%;--awb-width-small:100%;--awb-order-small:0;--awb-spacing-right-small:1.92%;--awb-spacing-left-small:1.92%;\"><div class=\"fusion-column-wrapper fusion-column-has-shadow fusion-flex-justify-content-flex-start fusion-content-layout-column\"><div class=\"fusion-person person fusion-person-left fusion-person-18 fusion-person-icon-top\" style=\"--awb-pic-style-color:var(--awb-color8);--awb-pic-borderradius:15px;--awb-margin-top:0px;--awb-margin-right:0px;--awb-margin-bottom:0px;--awb-margin-left:0px;--awb-social-box-border-top:0px;--awb-social-box-border-right:0px;--awb-social-box-border-bottom:0px;--awb-social-box-border-left:0px;--awb-social-box-border-color:var(--awb-color3);--awb-social-box-border-color-hover:var(--awb-color4);--awb-social-box-colors-hover:var(--awb-color1);--awb-social-icon-boxed-colors:var(--awb-color2);--awb-social-icon-colors:var(--awb-color6);--awb-social-icon-colors-hover:var(--awb-color4);\"><div class=\"person-desc\" style=\"background-color:var(--awb-color7);padding:40px;margin-top:0;\"><div class=\"person-author\"><div class=\"person-author-wrapper\"><span class=\"person-name\">Tim Verhoeven<\/span><span class=\"person-title\">25 Jahre<\/span><\/div><\/div><div class=\"person-content fusion-clearfix\"><\/div><\/div><\/div><\/div><\/div><div class=\"fusion-layout-column fusion_builder_column fusion-builder-column-30 fusion_builder_column_1_1 1_1 fusion-flex-column\" style=\"--awb-bg-size:cover;--awb-width-large:100%;--awb-margin-top-large:0px;--awb-spacing-right-large:1.92%;--awb-margin-bottom-large:20px;--awb-spacing-left-large:1.92%;--awb-width-medium:100%;--awb-order-medium:0;--awb-spacing-right-medium:1.92%;--awb-spacing-left-medium:1.92%;--awb-width-small:100%;--awb-order-small:0;--awb-spacing-right-small:1.92%;--awb-spacing-left-small:1.92%;\"><div class=\"fusion-column-wrapper fusion-column-has-shadow fusion-flex-justify-content-flex-start fusion-content-layout-column\"><div class=\"fusion-separator\" style=\"align-self: center;margin-left: auto;margin-right: auto;margin-top:40px;margin-bottom:40px;width:100%;max-width:400px;\"><div class=\"fusion-separator-border sep-single sep-solid\" style=\"--awb-height:20px;--awb-amount:20px;--awb-sep-color:var(--awb-color5);border-color:var(--awb-color5);border-top-width:3px;\"><\/div><\/div><\/div><\/div><\/div><\/div><div class=\"fusion-fullwidth fullwidth-box fusion-builder-row-8 fusion-flex-container nonhundred-percent-fullwidth non-hundred-percent-height-scrolling\" style=\"--awb-border-radius-top-left:0px;--awb-border-radius-top-right:0px;--awb-border-radius-bottom-right:0px;--awb-border-radius-bottom-left:0px;--awb-padding-top:20px;--awb-padding-bottom:40px;--awb-flex-wrap:wrap;\" ><div class=\"fusion-builder-row fusion-row fusion-flex-align-items-flex-start fusion-flex-content-wrap\" style=\"max-width:1248px;margin-left: calc(-4% \/ 2 );margin-right: calc(-4% \/ 2 );\"><div class=\"fusion-layout-column fusion_builder_column fusion-builder-column-31 fusion_builder_column_1_1 1_1 fusion-flex-column\" style=\"--awb-bg-size:cover;--awb-width-large:100%;--awb-margin-top-large:0px;--awb-spacing-right-large:1.92%;--awb-margin-bottom-large:20px;--awb-spacing-left-large:1.92%;--awb-width-medium:100%;--awb-order-medium:0;--awb-spacing-right-medium:1.92%;--awb-spacing-left-medium:1.92%;--awb-width-small:100%;--awb-order-small:0;--awb-spacing-right-small:1.92%;--awb-spacing-left-small:1.92%;\"><div class=\"fusion-column-wrapper fusion-column-has-shadow fusion-flex-justify-content-center fusion-content-layout-column\"><div class=\"fusion-text fusion-text-17\"><h1 style=\"text-align: center;\">Jubilare Einzelpersonen<\/h1>\n<\/div><\/div><\/div><div class=\"fusion-layout-column fusion_builder_column fusion-builder-column-32 fusion_builder_column_1_1 1_1 fusion-flex-column\" style=\"--awb-bg-size:cover;--awb-width-large:100%;--awb-margin-top-large:0px;--awb-spacing-right-large:1.92%;--awb-margin-bottom-large:20px;--awb-spacing-left-large:1.92%;--awb-width-medium:100%;--awb-order-medium:0;--awb-spacing-right-medium:1.92%;--awb-spacing-left-medium:1.92%;--awb-width-small:100%;--awb-order-small:0;--awb-spacing-right-small:1.92%;--awb-spacing-left-small:1.92%;\"><div class=\"fusion-column-wrapper fusion-column-has-shadow fusion-flex-justify-content-flex-start fusion-content-layout-column\"><div class=\"fusion-separator\" style=\"align-self: center;margin-left: auto;margin-right: auto;margin-top:40px;margin-bottom:40px;width:100%;max-width:400px;\"><div class=\"fusion-separator-border sep-single sep-solid\" style=\"--awb-height:20px;--awb-amount:20px;--awb-sep-color:var(--awb-color5);border-color:var(--awb-color5);border-top-width:3px;\"><\/div><\/div><\/div><\/div><div class=\"fusion-layout-column fusion_builder_column fusion-builder-column-33 fusion_builder_column_1_1 1_1 fusion-flex-column\" style=\"--awb-bg-size:cover;--awb-width-large:100%;--awb-margin-top-large:0px;--awb-spacing-right-large:1.92%;--awb-margin-bottom-large:20px;--awb-spacing-left-large:1.92%;--awb-width-medium:100%;--awb-order-medium:0;--awb-spacing-right-medium:1.92%;--awb-spacing-left-medium:1.92%;--awb-width-small:100%;--awb-order-small:0;--awb-spacing-right-small:1.92%;--awb-spacing-left-small:1.92%;\"><div class=\"fusion-column-wrapper fusion-column-has-shadow fusion-flex-justify-content-flex-start fusion-content-layout-column\"><div class=\"fusion-title title fusion-title-2 fusion-sep-none fusion-title-text fusion-title-size-one\" style=\"--awb-margin-top-small:10px;--awb-margin-right-small:0px;--awb-margin-bottom-small:10px;--awb-margin-left-small:0px;\"><h1 class=\"fusion-title-heading title-heading-left\" style=\"margin:0;\"><h3 style=\"text-align: center;\">70 Jahre<\/h3><\/h1><\/div><\/div><\/div><div class=\"fusion-layout-column fusion_builder_column fusion-builder-column-34 fusion_builder_column_1_3 1_3 fusion-flex-column\" style=\"--awb-bg-size:cover;--awb-width-large:33.333333333333%;--awb-margin-top-large:0px;--awb-spacing-right-large:5.76%;--awb-margin-bottom-large:20px;--awb-spacing-left-large:5.76%;--awb-width-medium:33.333333333333%;--awb-order-medium:0;--awb-spacing-right-medium:5.76%;--awb-spacing-left-medium:5.76%;--awb-width-small:100%;--awb-order-small:0;--awb-spacing-right-small:1.92%;--awb-spacing-left-small:1.92%;\"><div class=\"fusion-column-wrapper fusion-column-has-shadow fusion-flex-justify-content-flex-start fusion-content-layout-column\"><div class=\"fusion-person person fusion-person-left fusion-person-19 fusion-person-icon-top\" style=\"--awb-pic-style-color:var(--awb-color8);--awb-pic-borderradius:15px;--awb-margin-top:0px;--awb-margin-right:0px;--awb-margin-bottom:0px;--awb-margin-left:0px;--awb-social-box-border-top:0px;--awb-social-box-border-right:0px;--awb-social-box-border-bottom:0px;--awb-social-box-border-left:0px;--awb-social-box-border-color:var(--awb-color3);--awb-social-box-border-color-hover:var(--awb-color4);--awb-social-box-colors-hover:var(--awb-color1);--awb-social-icon-boxed-colors:var(--awb-color2);--awb-social-icon-colors:var(--awb-color6);--awb-social-icon-colors-hover:var(--awb-color4);\"><div class=\"person-shortcode-image-wrapper\"><div class=\"person-image-container hover-type-none person-rounded-overflow\" style=\"-webkit-border-radius:15px;-moz-border-radius:15px;border-radius:15px;border:0px solid var(--awb-color3);-webkit-border-radius:15px;-moz-border-radius:15px;border-radius:15px;\"><img decoding=\"async\" class=\"person-img img-responsive wp-image-2918\" width=\"768\" height=\"1024\" src=\"https:\/\/schuetzenverein-glehn.de\/wp-content\/uploads\/2025\/09\/Dieter-Gums-70-Jahre-Jgz-Blau-Stens-Leng-768x1024.jpg\" alt=\"Dieter Gums\" srcset=\"https:\/\/schuetzenverein-glehn.de\/wp-content\/uploads\/2025\/09\/Dieter-Gums-70-Jahre-Jgz-Blau-Stens-Leng-200x267.jpg 200w, https:\/\/schuetzenverein-glehn.de\/wp-content\/uploads\/2025\/09\/Dieter-Gums-70-Jahre-Jgz-Blau-Stens-Leng-400x533.jpg 400w, https:\/\/schuetzenverein-glehn.de\/wp-content\/uploads\/2025\/09\/Dieter-Gums-70-Jahre-Jgz-Blau-Stens-Leng-600x800.jpg 600w, https:\/\/schuetzenverein-glehn.de\/wp-content\/uploads\/2025\/09\/Dieter-Gums-70-Jahre-Jgz-Blau-Stens-Leng-800x1067.jpg 800w, https:\/\/schuetzenverein-glehn.de\/wp-content\/uploads\/2025\/09\/Dieter-Gums-70-Jahre-Jgz-Blau-Stens-Leng-1200x1600.jpg 1200w, https:\/\/schuetzenverein-glehn.de\/wp-content\/uploads\/2025\/09\/Dieter-Gums-70-Jahre-Jgz-Blau-Stens-Leng-scaled.jpg 1920w\" sizes=\"(max-width: 640px) 100vw, 400px\" \/><\/div><\/div><div class=\"person-desc\" style=\"background-color:var(--awb-color7);padding:40px;margin-top:0;\"><div class=\"person-author\"><div class=\"person-author-wrapper\"><span class=\"person-name\">Dieter Gums<\/span><span class=\"person-title\">Jgz. Blau Stens Leng<\/span><\/div><\/div><div class=\"person-content fusion-clearfix\"><\/div><\/div><\/div><div class=\"fusion-text fusion-text-18\"><p>Dieter Gums (89 Jahre) ist seit 1955 Mitglied im J\u00e4gerzug \u201eBlau Stens Leng\u201c. Bis 2005 marschierte dieser Zug aktiv im Glehner Regiment mit. Nach seiner aktiven Zeit ist Dieter Gums bis heute passives Mitglied im Sch\u00fctzenverein Glehn geblieben.<\/p>\n<p>Er hat in dieser Zeit 45 Jahre das Blumenhorn selbst angefertigt und w\u00e4hrend der Paraden und Umz\u00fcge getragen.<\/p>\n<p>W\u00e4hrend seiner aktiven Mitgliedschaft stellte der J\u00e4gerzug \u201eBlau Stens Leng\u201c 3-mal den Sch\u00fctzenk\u00f6nig des Glehner Sch\u00fctzenvereins.<\/p>\n<p>Heute sind Dieter Gums und Hubert Breuer die beiden letzten noch lebenden Mitglieder des Sch\u00fctzenzuges \u201eBlau Stens Leng\u201c<\/p>\n<\/div><\/div><\/div><div class=\"fusion-layout-column fusion_builder_column fusion-builder-column-35 fusion_builder_column_1_3 1_3 fusion-flex-column\" style=\"--awb-bg-size:cover;--awb-width-large:33.333333333333%;--awb-margin-top-large:0px;--awb-spacing-right-large:5.76%;--awb-margin-bottom-large:20px;--awb-spacing-left-large:5.76%;--awb-width-medium:33.333333333333%;--awb-order-medium:0;--awb-spacing-right-medium:5.76%;--awb-spacing-left-medium:5.76%;--awb-width-small:100%;--awb-order-small:0;--awb-spacing-right-small:1.92%;--awb-spacing-left-small:1.92%;\"><div class=\"fusion-column-wrapper fusion-column-has-shadow fusion-flex-justify-content-flex-start fusion-content-layout-column\"><div class=\"fusion-person person fusion-person-left fusion-person-20 fusion-person-icon-top\" style=\"--awb-pic-style-color:var(--awb-color8);--awb-pic-borderradius:15px;--awb-margin-top:0px;--awb-margin-right:0px;--awb-margin-bottom:0px;--awb-margin-left:0px;--awb-social-box-border-top:0px;--awb-social-box-border-right:0px;--awb-social-box-border-bottom:0px;--awb-social-box-border-left:0px;--awb-social-box-border-color:var(--awb-color3);--awb-social-box-border-color-hover:var(--awb-color4);--awb-social-box-colors-hover:var(--awb-color1);--awb-social-icon-boxed-colors:var(--awb-color2);--awb-social-icon-colors:var(--awb-color6);--awb-social-icon-colors-hover:var(--awb-color4);\"><div class=\"person-shortcode-image-wrapper\"><div class=\"person-image-container hover-type-none person-rounded-overflow\" style=\"-webkit-border-radius:15px;-moz-border-radius:15px;border-radius:15px;border:0px solid var(--awb-color3);-webkit-border-radius:15px;-moz-border-radius:15px;border-radius:15px;\"><img decoding=\"async\" class=\"person-img img-responsive wp-image-2919\" width=\"800\" height=\"1024\" src=\"https:\/\/schuetzenverein-glehn.de\/wp-content\/uploads\/2025\/09\/Hermann-Josel-Krapohl-70-Jahre-Jgz-Waidmannsheil-800x1024.jpg\" alt=\"Hermann-Josef Krapohl\" srcset=\"https:\/\/schuetzenverein-glehn.de\/wp-content\/uploads\/2025\/09\/Hermann-Josel-Krapohl-70-Jahre-Jgz-Waidmannsheil-200x256.jpg 200w, https:\/\/schuetzenverein-glehn.de\/wp-content\/uploads\/2025\/09\/Hermann-Josel-Krapohl-70-Jahre-Jgz-Waidmannsheil-400x512.jpg 400w, https:\/\/schuetzenverein-glehn.de\/wp-content\/uploads\/2025\/09\/Hermann-Josel-Krapohl-70-Jahre-Jgz-Waidmannsheil-600x768.jpg 600w, https:\/\/schuetzenverein-glehn.de\/wp-content\/uploads\/2025\/09\/Hermann-Josel-Krapohl-70-Jahre-Jgz-Waidmannsheil-800x1024.jpg 800w, https:\/\/schuetzenverein-glehn.de\/wp-content\/uploads\/2025\/09\/Hermann-Josel-Krapohl-70-Jahre-Jgz-Waidmannsheil.jpg 1170w\" sizes=\"(max-width: 640px) 100vw, 400px\" \/><\/div><\/div><div class=\"person-desc\" style=\"background-color:var(--awb-color7);padding:40px;margin-top:0;\"><div class=\"person-author\"><div class=\"person-author-wrapper\"><span class=\"person-name\">Hermann-Josef Krapohl<\/span><span class=\"person-title\">Jgz. Waidmannsheil<\/span><\/div><\/div><div class=\"person-content fusion-clearfix\"><\/div><\/div><\/div><div class=\"fusion-text fusion-text-19\"><p>Er war Mitgr\u00fcnder im J\u00e4gerzug geht. 1955 \u201eWaidmannsheil\u201c<\/p>\n<p>Er war nicht von Beginn an aber sp\u00e4ter 50 Jahre Zugf\u00fchrer<\/p>\n<p>Und hatte 32 Jahre das Ehrenamt Schie\u00dfmeister an der Vogelstange!<\/p>\n<\/div><\/div><\/div><div class=\"fusion-layout-column fusion_builder_column fusion-builder-column-36 fusion_builder_column_1_3 1_3 fusion-flex-column\" style=\"--awb-bg-size:cover;--awb-width-large:33.333333333333%;--awb-margin-top-large:0px;--awb-spacing-right-large:5.76%;--awb-margin-bottom-large:20px;--awb-spacing-left-large:5.76%;--awb-width-medium:33.333333333333%;--awb-order-medium:0;--awb-spacing-right-medium:5.76%;--awb-spacing-left-medium:5.76%;--awb-width-small:100%;--awb-order-small:0;--awb-spacing-right-small:1.92%;--awb-spacing-left-small:1.92%;\"><div class=\"fusion-column-wrapper fusion-column-has-shadow fusion-flex-justify-content-flex-start fusion-content-layout-column\"><div class=\"fusion-person person fusion-person-left fusion-person-21 fusion-person-icon-top\" style=\"--awb-pic-style-color:var(--awb-color8);--awb-pic-borderradius:15px;--awb-margin-top:0px;--awb-margin-right:0px;--awb-margin-bottom:0px;--awb-margin-left:0px;--awb-social-box-border-top:0px;--awb-social-box-border-right:0px;--awb-social-box-border-bottom:0px;--awb-social-box-border-left:0px;--awb-social-box-border-color:var(--awb-color3);--awb-social-box-border-color-hover:var(--awb-color4);--awb-social-box-colors-hover:var(--awb-color1);--awb-social-icon-boxed-colors:var(--awb-color2);--awb-social-icon-colors:var(--awb-color6);--awb-social-icon-colors-hover:var(--awb-color4);\"><div class=\"person-desc\" style=\"background-color:var(--awb-color7);padding:40px;margin-top:0;\"><div class=\"person-author\"><div class=\"person-author-wrapper\"><span class=\"person-name\">Matthias Steinfels<\/span><span class=\"person-title\">Jgz. Waidmannsheil<\/span><\/div><\/div><div class=\"person-content fusion-clearfix\"><\/div><\/div><\/div><div class=\"fusion-text fusion-text-20\"><p>Er war Mitgr\u00fcnder im J\u00e4gerzug geht. 1955 \u201eWaidmannsheil\u201c<\/p>\n<p>Er war nicht von Beginn an aber sp\u00e4ter 50 Jahre Zugf\u00fchrer<\/p>\n<p>Und hatte 32 Jahre das Ehrenamt Schie\u00dfmeister an der Vogelstange!<\/p>\n<\/div><\/div><\/div><div class=\"fusion-layout-column fusion_builder_column fusion-builder-column-37 fusion_builder_column_1_3 1_3 fusion-flex-column\" style=\"--awb-bg-size:cover;--awb-width-large:33.333333333333%;--awb-margin-top-large:0px;--awb-spacing-right-large:5.76%;--awb-margin-bottom-large:20px;--awb-spacing-left-large:5.76%;--awb-width-medium:33.333333333333%;--awb-order-medium:0;--awb-spacing-right-medium:5.76%;--awb-spacing-left-medium:5.76%;--awb-width-small:100%;--awb-order-small:0;--awb-spacing-right-small:1.92%;--awb-spacing-left-small:1.92%;\"><div class=\"fusion-column-wrapper fusion-column-has-shadow fusion-flex-justify-content-flex-start fusion-content-layout-column\"><div class=\"fusion-person person fusion-person-left fusion-person-22 fusion-person-icon-top\" style=\"--awb-pic-style-color:var(--awb-color8);--awb-pic-borderradius:15px;--awb-margin-top:0px;--awb-margin-right:0px;--awb-margin-bottom:0px;--awb-margin-left:0px;--awb-social-box-border-top:0px;--awb-social-box-border-right:0px;--awb-social-box-border-bottom:0px;--awb-social-box-border-left:0px;--awb-social-box-border-color:var(--awb-color3);--awb-social-box-border-color-hover:var(--awb-color4);--awb-social-box-colors-hover:var(--awb-color1);--awb-social-icon-boxed-colors:var(--awb-color2);--awb-social-icon-colors:var(--awb-color6);--awb-social-icon-colors-hover:var(--awb-color4);\"><div class=\"person-shortcode-image-wrapper\"><div class=\"person-image-container hover-type-none person-rounded-overflow\" style=\"-webkit-border-radius:15px;-moz-border-radius:15px;border-radius:15px;border:0px solid var(--awb-color3);-webkit-border-radius:15px;-moz-border-radius:15px;border-radius:15px;\"><img decoding=\"async\" class=\"person-img img-responsive wp-image-2920\" width=\"768\" height=\"1024\" src=\"https:\/\/schuetzenverein-glehn.de\/wp-content\/uploads\/2025\/09\/Walter-Kremers-70-Jahre-Sappeurcorps-768x1024.jpg\" alt=\"Walter Kremers\" srcset=\"https:\/\/schuetzenverein-glehn.de\/wp-content\/uploads\/2025\/09\/Walter-Kremers-70-Jahre-Sappeurcorps-200x267.jpg 200w, https:\/\/schuetzenverein-glehn.de\/wp-content\/uploads\/2025\/09\/Walter-Kremers-70-Jahre-Sappeurcorps-400x533.jpg 400w, https:\/\/schuetzenverein-glehn.de\/wp-content\/uploads\/2025\/09\/Walter-Kremers-70-Jahre-Sappeurcorps-600x800.jpg 600w, https:\/\/schuetzenverein-glehn.de\/wp-content\/uploads\/2025\/09\/Walter-Kremers-70-Jahre-Sappeurcorps-800x1066.jpg 800w, https:\/\/schuetzenverein-glehn.de\/wp-content\/uploads\/2025\/09\/Walter-Kremers-70-Jahre-Sappeurcorps.jpg 935w\" sizes=\"(max-width: 640px) 100vw, 400px\" \/><\/div><\/div><div class=\"person-desc\" style=\"background-color:var(--awb-color7);padding:40px;margin-top:0;\"><div class=\"person-author\"><div class=\"person-author-wrapper\"><span class=\"person-name\">Walter Kremers<\/span><span class=\"person-title\">Sappeurcorps<\/span><\/div><\/div><div class=\"person-content fusion-clearfix\"><\/div><\/div><\/div><div class=\"fusion-text fusion-text-21\"><p>Walter Kremers -Jahrgang 1940- verbrachte seine ersten 15 Sch\u00fctzenjahre in den Reihen des J\u00e4gercorps Glehn.<\/p>\n<p><strong>Zuerst<\/strong><\/p>\n<ul>\n<li>von 1955 bis 1957 im Jz. Schlicher Stolz<\/li>\n<\/ul>\n<p><strong>dann<\/strong><\/p>\n<ul>\n<li>von 1958 bis 1961 im Jz. Sch\u00fctze Bumm<\/li>\n<\/ul>\n<p><strong>\u00a0<\/strong><strong>\u00a0\u00a0\u00a0\u00a0\u00a0\u00a0\u00a0\u00a0 zuletzt<\/strong><\/p>\n<ul>\n<li>von 1962 bis 1969 im Jz. Treue Freunde, dessen Zugf\u00fchrer er auch war.<\/li>\n<\/ul>\n<p>Da die \u201eTreuen Freunde\u201c es mit Ordnung und Disziplin nicht so ernst nahmen wechselte Walter Kremers im Jahre 1970 in das Sappeurcorps Glehn, unter der F\u00fchrung von Hauptmann Hans Esser.<br \/>\nBei seinem ersten Sch\u00fctzenfest als \u201eSappeur\u201c fand sich Kirmesdienstag kein K\u00f6nigsbewerber unter der Vogelstange ein. Kurzerhand traten zwei Sappeure an die Vogelstange =&gt;Kurt Speck und Emil Serr. Der gl\u00fccklichere war Kurt Speck, bei dem Walter Kremers dann spontan das Ministeramt \u00fcbernahm.<\/p>\n<p>Walter Kremers war mit \u201eLeib und Seele\u201c Sch\u00fctze und vor allem aber ein stolzer Sappeur. Bis 2015, also bis zu seinem 75. Lebensjahr, maschierte er aktiv in den Reihen des Sappeurcorps mit. Zuletzt bekleidete er den Rang des Hauptfeldwebels. Er war insgesamt 5x Corpsk\u00f6nigs, wobei er standesgem\u00e4\u00df sein letztes aktives Jahr als Corpsk\u00f6nig beendete. Im Jahr 2016 trat er in dann in den passiven \u201eSch\u00fctzenstand\u201c.<\/p>\n<p>Walter Kremers ist nach wie vor sehr mit dem Sappeurcorps Glehn verbunden und nimmt -sofern es seine Gesundheit zul\u00e4sst- an den internen Veranstaltungen teil.<\/p>\n<\/div><\/div><\/div><div class=\"fusion-layout-column fusion_builder_column fusion-builder-column-38 fusion_builder_column_1_1 1_1 fusion-flex-column\" style=\"--awb-bg-size:cover;--awb-width-large:100%;--awb-margin-top-large:0px;--awb-spacing-right-large:1.92%;--awb-margin-bottom-large:20px;--awb-spacing-left-large:1.92%;--awb-width-medium:100%;--awb-order-medium:0;--awb-spacing-right-medium:1.92%;--awb-spacing-left-medium:1.92%;--awb-width-small:100%;--awb-order-small:0;--awb-spacing-right-small:1.92%;--awb-spacing-left-small:1.92%;\"><div class=\"fusion-column-wrapper fusion-column-has-shadow fusion-flex-justify-content-flex-start fusion-content-layout-column\"><div class=\"fusion-separator\" style=\"align-self: center;margin-left: auto;margin-right: auto;margin-top:40px;margin-bottom:40px;width:100%;max-width:400px;\"><div class=\"fusion-separator-border sep-single sep-solid\" style=\"--awb-height:20px;--awb-amount:20px;--awb-sep-color:var(--awb-color5);border-color:var(--awb-color5);border-top-width:3px;\"><\/div><\/div><\/div><\/div><div class=\"fusion-layout-column fusion_builder_column fusion-builder-column-39 fusion_builder_column_1_1 1_1 fusion-flex-column\" style=\"--awb-bg-size:cover;--awb-width-large:100%;--awb-margin-top-large:0px;--awb-spacing-right-large:1.92%;--awb-margin-bottom-large:20px;--awb-spacing-left-large:1.92%;--awb-width-medium:100%;--awb-order-medium:0;--awb-spacing-right-medium:1.92%;--awb-spacing-left-medium:1.92%;--awb-width-small:100%;--awb-order-small:0;--awb-spacing-right-small:1.92%;--awb-spacing-left-small:1.92%;\"><div class=\"fusion-column-wrapper fusion-column-has-shadow fusion-flex-justify-content-flex-start fusion-content-layout-column\"><div class=\"fusion-title title fusion-title-3 fusion-sep-none fusion-title-text fusion-title-size-one\" style=\"--awb-margin-top-small:10px;--awb-margin-right-small:0px;--awb-margin-bottom-small:10px;--awb-margin-left-small:0px;\"><h1 class=\"fusion-title-heading title-heading-left\" style=\"margin:0;\"><h3 style=\"text-align: center;\">50 Jahre<\/h3><\/h1><\/div><\/div><\/div><div class=\"fusion-layout-column fusion_builder_column fusion-builder-column-40 fusion_builder_column_1_3 1_3 fusion-flex-column\" style=\"--awb-bg-size:cover;--awb-width-large:33.333333333333%;--awb-margin-top-large:0px;--awb-spacing-right-large:5.76%;--awb-margin-bottom-large:20px;--awb-spacing-left-large:5.76%;--awb-width-medium:33.333333333333%;--awb-order-medium:0;--awb-spacing-right-medium:5.76%;--awb-spacing-left-medium:5.76%;--awb-width-small:100%;--awb-order-small:0;--awb-spacing-right-small:1.92%;--awb-spacing-left-small:1.92%;\"><div class=\"fusion-column-wrapper fusion-column-has-shadow fusion-flex-justify-content-flex-start fusion-content-layout-column\"><div class=\"fusion-person person fusion-person-left fusion-person-23 fusion-person-icon-top\" style=\"--awb-pic-style-color:var(--awb-color8);--awb-pic-borderradius:15px;--awb-margin-top:0px;--awb-margin-right:0px;--awb-margin-bottom:0px;--awb-margin-left:0px;--awb-social-box-border-top:0px;--awb-social-box-border-right:0px;--awb-social-box-border-bottom:0px;--awb-social-box-border-left:0px;--awb-social-box-border-color:var(--awb-color3);--awb-social-box-border-color-hover:var(--awb-color4);--awb-social-box-colors-hover:var(--awb-color1);--awb-social-icon-boxed-colors:var(--awb-color2);--awb-social-icon-colors:var(--awb-color6);--awb-social-icon-colors-hover:var(--awb-color4);\"><div class=\"person-shortcode-image-wrapper\"><div class=\"person-image-container hover-type-none person-rounded-overflow\" style=\"-webkit-border-radius:15px;-moz-border-radius:15px;border-radius:15px;border:0px solid var(--awb-color3);-webkit-border-radius:15px;-moz-border-radius:15px;border-radius:15px;\"><img decoding=\"async\" class=\"person-img img-responsive wp-image-2921\" width=\"683\" height=\"1024\" src=\"https:\/\/schuetzenverein-glehn.de\/wp-content\/uploads\/2025\/09\/Karl-Heinz-Kremer-50-Jahre-Jgz-Epsendorfer-Jonge-683x1024.jpg\" alt=\"Karl-Heinz Kremer\" srcset=\"https:\/\/schuetzenverein-glehn.de\/wp-content\/uploads\/2025\/09\/Karl-Heinz-Kremer-50-Jahre-Jgz-Epsendorfer-Jonge-200x300.jpg 200w, https:\/\/schuetzenverein-glehn.de\/wp-content\/uploads\/2025\/09\/Karl-Heinz-Kremer-50-Jahre-Jgz-Epsendorfer-Jonge-400x600.jpg 400w, https:\/\/schuetzenverein-glehn.de\/wp-content\/uploads\/2025\/09\/Karl-Heinz-Kremer-50-Jahre-Jgz-Epsendorfer-Jonge-600x900.jpg 600w, https:\/\/schuetzenverein-glehn.de\/wp-content\/uploads\/2025\/09\/Karl-Heinz-Kremer-50-Jahre-Jgz-Epsendorfer-Jonge-800x1200.jpg 800w, https:\/\/schuetzenverein-glehn.de\/wp-content\/uploads\/2025\/09\/Karl-Heinz-Kremer-50-Jahre-Jgz-Epsendorfer-Jonge-1200x1800.jpg 1200w, https:\/\/schuetzenverein-glehn.de\/wp-content\/uploads\/2025\/09\/Karl-Heinz-Kremer-50-Jahre-Jgz-Epsendorfer-Jonge-scaled.jpg 1707w\" sizes=\"(max-width: 640px) 100vw, 400px\" \/><\/div><\/div><div class=\"person-desc\" style=\"background-color:var(--awb-color7);padding:40px;margin-top:0;\"><div class=\"person-author\"><div class=\"person-author-wrapper\"><span class=\"person-name\">Karl-Heinz Kremer<\/span><span class=\"person-title\">Jgz. Epsendorfer Jonge<\/span><\/div><\/div><div class=\"person-content fusion-clearfix\"><\/div><\/div><\/div><div class=\"fusion-text fusion-text-22\"><p>Karl-Heinz Kremer geb. am 7.6.1959<\/p>\n<p>Mitbegr\u00fcnder 1975 des J\u00e4gerzug `Eichenlaub\u00b4 bis 1984 Zugmitglied.<\/p>\n<p>Ab dem Jahr 1985 Mitglied im J\u00e4gerzug `Waldmeister\u00b4 bis 2019, in diesem Zeitraum wurde aus diesem Zug 4-mal der Sch\u00fctzenk\u00f6nig gestellt.<\/p>\n<p>Im Jahr 1997 Minister bei Paul Baumeister,<\/p>\n<p>2009 selber Sch\u00fctzenk\u00f6nig des Glehner Sch\u00fctzenvereins.<\/p>\n<p>Seit 2020 ist Karl-Heinz Kremer Mitglied im J\u00e4gerzug `Epsendorfer Jonge\u2018.<\/p>\n<\/div><\/div><\/div><div class=\"fusion-layout-column fusion_builder_column fusion-builder-column-41 fusion_builder_column_1_3 1_3 fusion-flex-column\" style=\"--awb-bg-size:cover;--awb-width-large:33.333333333333%;--awb-margin-top-large:0px;--awb-spacing-right-large:5.76%;--awb-margin-bottom-large:20px;--awb-spacing-left-large:5.76%;--awb-width-medium:33.333333333333%;--awb-order-medium:0;--awb-spacing-right-medium:5.76%;--awb-spacing-left-medium:5.76%;--awb-width-small:100%;--awb-order-small:0;--awb-spacing-right-small:1.92%;--awb-spacing-left-small:1.92%;\"><div class=\"fusion-column-wrapper fusion-column-has-shadow fusion-flex-justify-content-flex-start fusion-content-layout-column\"><div class=\"fusion-person person fusion-person-left fusion-person-24 fusion-person-icon-top\" style=\"--awb-pic-style-color:var(--awb-color8);--awb-pic-borderradius:15px;--awb-margin-top:0px;--awb-margin-right:0px;--awb-margin-bottom:0px;--awb-margin-left:0px;--awb-social-box-border-top:0px;--awb-social-box-border-right:0px;--awb-social-box-border-bottom:0px;--awb-social-box-border-left:0px;--awb-social-box-border-color:var(--awb-color3);--awb-social-box-border-color-hover:var(--awb-color4);--awb-social-box-colors-hover:var(--awb-color1);--awb-social-icon-boxed-colors:var(--awb-color2);--awb-social-icon-colors:var(--awb-color6);--awb-social-icon-colors-hover:var(--awb-color4);\"><div class=\"person-desc\" style=\"background-color:var(--awb-color7);padding:40px;margin-top:0;\"><div class=\"person-author\"><div class=\"person-author-wrapper\"><span class=\"person-name\">Peter Hilger<\/span><span class=\"person-title\">Mer maache m\u00f6t<\/span><\/div><\/div><div class=\"person-content fusion-clearfix\"><\/div><\/div><\/div><\/div><\/div><div class=\"fusion-layout-column fusion_builder_column fusion-builder-column-42 fusion_builder_column_1_1 1_1 fusion-flex-column\" style=\"--awb-bg-size:cover;--awb-width-large:100%;--awb-margin-top-large:0px;--awb-spacing-right-large:1.92%;--awb-margin-bottom-large:20px;--awb-spacing-left-large:1.92%;--awb-width-medium:100%;--awb-order-medium:0;--awb-spacing-right-medium:1.92%;--awb-spacing-left-medium:1.92%;--awb-width-small:100%;--awb-order-small:0;--awb-spacing-right-small:1.92%;--awb-spacing-left-small:1.92%;\"><div class=\"fusion-column-wrapper fusion-column-has-shadow fusion-flex-justify-content-flex-start fusion-content-layout-column\"><div class=\"fusion-separator\" style=\"align-self: center;margin-left: auto;margin-right: auto;margin-top:40px;margin-bottom:40px;width:100%;max-width:400px;\"><div class=\"fusion-separator-border sep-single sep-solid\" style=\"--awb-height:20px;--awb-amount:20px;--awb-sep-color:var(--awb-color5);border-color:var(--awb-color5);border-top-width:3px;\"><\/div><\/div><\/div><\/div><div class=\"fusion-layout-column fusion_builder_column fusion-builder-column-43 fusion_builder_column_1_1 1_1 fusion-flex-column\" style=\"--awb-bg-size:cover;--awb-width-large:100%;--awb-margin-top-large:0px;--awb-spacing-right-large:1.92%;--awb-margin-bottom-large:20px;--awb-spacing-left-large:1.92%;--awb-width-medium:100%;--awb-order-medium:0;--awb-spacing-right-medium:1.92%;--awb-spacing-left-medium:1.92%;--awb-width-small:100%;--awb-order-small:0;--awb-spacing-right-small:1.92%;--awb-spacing-left-small:1.92%;\"><div class=\"fusion-column-wrapper fusion-column-has-shadow fusion-flex-justify-content-flex-start fusion-content-layout-column\"><div class=\"fusion-title title fusion-title-4 fusion-sep-none fusion-title-text fusion-title-size-one\" style=\"--awb-margin-top-small:10px;--awb-margin-right-small:0px;--awb-margin-bottom-small:10px;--awb-margin-left-small:0px;\"><h1 class=\"fusion-title-heading title-heading-left\" style=\"margin:0;\"><h3 style=\"text-align: center;\">40 Jahre<\/h3><\/h1><\/div><\/div><\/div><div class=\"fusion-layout-column fusion_builder_column fusion-builder-column-44 fusion_builder_column_1_3 1_3 fusion-flex-column\" style=\"--awb-bg-size:cover;--awb-width-large:33.333333333333%;--awb-margin-top-large:0px;--awb-spacing-right-large:5.76%;--awb-margin-bottom-large:20px;--awb-spacing-left-large:5.76%;--awb-width-medium:33.333333333333%;--awb-order-medium:0;--awb-spacing-right-medium:5.76%;--awb-spacing-left-medium:5.76%;--awb-width-small:100%;--awb-order-small:0;--awb-spacing-right-small:1.92%;--awb-spacing-left-small:1.92%;\"><div class=\"fusion-column-wrapper fusion-column-has-shadow fusion-flex-justify-content-flex-start fusion-content-layout-column\"><div class=\"fusion-person person fusion-person-left fusion-person-25 fusion-person-icon-top\" style=\"--awb-pic-style-color:var(--awb-color8);--awb-pic-borderradius:15px;--awb-margin-top:0px;--awb-margin-right:0px;--awb-margin-bottom:0px;--awb-margin-left:0px;--awb-social-box-border-top:0px;--awb-social-box-border-right:0px;--awb-social-box-border-bottom:0px;--awb-social-box-border-left:0px;--awb-social-box-border-color:var(--awb-color3);--awb-social-box-border-color-hover:var(--awb-color4);--awb-social-box-colors-hover:var(--awb-color1);--awb-social-icon-boxed-colors:var(--awb-color2);--awb-social-icon-colors:var(--awb-color6);--awb-social-icon-colors-hover:var(--awb-color4);\"><div class=\"person-shortcode-image-wrapper\"><div class=\"person-image-container hover-type-none person-rounded-overflow\" style=\"-webkit-border-radius:15px;-moz-border-radius:15px;border-radius:15px;border:0px solid var(--awb-color3);-webkit-border-radius:15px;-moz-border-radius:15px;border-radius:15px;\"><img decoding=\"async\" class=\"person-img img-responsive wp-image-2922\" width=\"1004\" height=\"1024\" src=\"https:\/\/schuetzenverein-glehn.de\/wp-content\/uploads\/2025\/09\/P_Neuendorf-40-Jahre-Grenadierzug-Rheingold-1004x1024.jpg\" alt=\"Peter Neuendorf\" srcset=\"https:\/\/schuetzenverein-glehn.de\/wp-content\/uploads\/2025\/09\/P_Neuendorf-40-Jahre-Grenadierzug-Rheingold-200x204.jpg 200w, https:\/\/schuetzenverein-glehn.de\/wp-content\/uploads\/2025\/09\/P_Neuendorf-40-Jahre-Grenadierzug-Rheingold-400x408.jpg 400w, https:\/\/schuetzenverein-glehn.de\/wp-content\/uploads\/2025\/09\/P_Neuendorf-40-Jahre-Grenadierzug-Rheingold-600x612.jpg 600w, https:\/\/schuetzenverein-glehn.de\/wp-content\/uploads\/2025\/09\/P_Neuendorf-40-Jahre-Grenadierzug-Rheingold-800x816.jpg 800w, https:\/\/schuetzenverein-glehn.de\/wp-content\/uploads\/2025\/09\/P_Neuendorf-40-Jahre-Grenadierzug-Rheingold-1200x1224.jpg 1200w, https:\/\/schuetzenverein-glehn.de\/wp-content\/uploads\/2025\/09\/P_Neuendorf-40-Jahre-Grenadierzug-Rheingold.jpg 1561w\" sizes=\"(max-width: 640px) 100vw, 400px\" \/><\/div><\/div><div class=\"person-desc\" style=\"background-color:var(--awb-color7);padding:40px;margin-top:0;\"><div class=\"person-author\"><div class=\"person-author-wrapper\"><span class=\"person-name\">Peter Neuendorf<\/span><span class=\"person-title\">Gdz. Rheingold<\/span><\/div><\/div><div class=\"person-content fusion-clearfix\"><\/div><\/div><\/div><\/div><\/div><div class=\"fusion-layout-column fusion_builder_column fusion-builder-column-45 fusion_builder_column_1_1 1_1 fusion-flex-column\" style=\"--awb-bg-size:cover;--awb-width-large:100%;--awb-margin-top-large:0px;--awb-spacing-right-large:1.92%;--awb-margin-bottom-large:20px;--awb-spacing-left-large:1.92%;--awb-width-medium:100%;--awb-order-medium:0;--awb-spacing-right-medium:1.92%;--awb-spacing-left-medium:1.92%;--awb-width-small:100%;--awb-order-small:0;--awb-spacing-right-small:1.92%;--awb-spacing-left-small:1.92%;\"><div class=\"fusion-column-wrapper fusion-column-has-shadow fusion-flex-justify-content-flex-start fusion-content-layout-column\"><div class=\"fusion-separator\" style=\"align-self: center;margin-left: auto;margin-right: auto;margin-top:40px;margin-bottom:40px;width:100%;max-width:400px;\"><div class=\"fusion-separator-border sep-single sep-solid\" style=\"--awb-height:20px;--awb-amount:20px;--awb-sep-color:var(--awb-color5);border-color:var(--awb-color5);border-top-width:3px;\"><\/div><\/div><\/div><\/div><div class=\"fusion-layout-column fusion_builder_column fusion-builder-column-46 fusion_builder_column_1_1 1_1 fusion-flex-column\" style=\"--awb-bg-size:cover;--awb-width-large:100%;--awb-margin-top-large:0px;--awb-spacing-right-large:1.92%;--awb-margin-bottom-large:20px;--awb-spacing-left-large:1.92%;--awb-width-medium:100%;--awb-order-medium:0;--awb-spacing-right-medium:1.92%;--awb-spacing-left-medium:1.92%;--awb-width-small:100%;--awb-order-small:0;--awb-spacing-right-small:1.92%;--awb-spacing-left-small:1.92%;\"><div class=\"fusion-column-wrapper fusion-column-has-shadow fusion-flex-justify-content-flex-start fusion-content-layout-column\"><div class=\"fusion-title title fusion-title-5 fusion-sep-none fusion-title-text fusion-title-size-one\" style=\"--awb-margin-top-small:10px;--awb-margin-right-small:0px;--awb-margin-bottom-small:10px;--awb-margin-left-small:0px;\"><h1 class=\"fusion-title-heading title-heading-left\" style=\"margin:0;\"><h3 style=\"text-align: center;\">25 Jahre<\/h3><\/h1><\/div><\/div><\/div><div class=\"fusion-layout-column fusion_builder_column fusion-builder-column-47 fusion_builder_column_1_3 1_3 fusion-flex-column\" style=\"--awb-bg-size:cover;--awb-width-large:33.333333333333%;--awb-margin-top-large:0px;--awb-spacing-right-large:5.76%;--awb-margin-bottom-large:20px;--awb-spacing-left-large:5.76%;--awb-width-medium:33.333333333333%;--awb-order-medium:0;--awb-spacing-right-medium:5.76%;--awb-spacing-left-medium:5.76%;--awb-width-small:100%;--awb-order-small:0;--awb-spacing-right-small:1.92%;--awb-spacing-left-small:1.92%;\"><div class=\"fusion-column-wrapper fusion-column-has-shadow fusion-flex-justify-content-flex-start fusion-content-layout-column\"><div class=\"fusion-person person fusion-person-left fusion-person-26 fusion-person-icon-top\" style=\"--awb-pic-style-color:var(--awb-color8);--awb-pic-borderradius:15px;--awb-margin-top:0px;--awb-margin-right:0px;--awb-margin-bottom:0px;--awb-margin-left:0px;--awb-social-box-border-top:0px;--awb-social-box-border-right:0px;--awb-social-box-border-bottom:0px;--awb-social-box-border-left:0px;--awb-social-box-border-color:var(--awb-color3);--awb-social-box-border-color-hover:var(--awb-color4);--awb-social-box-colors-hover:var(--awb-color1);--awb-social-icon-boxed-colors:var(--awb-color2);--awb-social-icon-colors:var(--awb-color6);--awb-social-icon-colors-hover:var(--awb-color4);\"><div class=\"person-shortcode-image-wrapper\"><div class=\"person-image-container hover-type-none person-rounded-overflow\" style=\"-webkit-border-radius:15px;-moz-border-radius:15px;border-radius:15px;border:0px solid var(--awb-color3);-webkit-border-radius:15px;-moz-border-radius:15px;border-radius:15px;\"><img decoding=\"async\" class=\"person-img img-responsive wp-image-2923\" width=\"697\" height=\"931\" src=\"https:\/\/schuetzenverein-glehn.de\/wp-content\/uploads\/2025\/09\/Christian-Esser-25-Jahre-Jgz-Randvoll.png\" alt=\"Christian Esser\" srcset=\"https:\/\/schuetzenverein-glehn.de\/wp-content\/uploads\/2025\/09\/Christian-Esser-25-Jahre-Jgz-Randvoll-200x267.png 200w, https:\/\/schuetzenverein-glehn.de\/wp-content\/uploads\/2025\/09\/Christian-Esser-25-Jahre-Jgz-Randvoll-400x534.png 400w, https:\/\/schuetzenverein-glehn.de\/wp-content\/uploads\/2025\/09\/Christian-Esser-25-Jahre-Jgz-Randvoll-600x801.png 600w, https:\/\/schuetzenverein-glehn.de\/wp-content\/uploads\/2025\/09\/Christian-Esser-25-Jahre-Jgz-Randvoll.png 697w\" sizes=\"(max-width: 640px) 100vw, 400px\" \/><\/div><\/div><div class=\"person-desc\" style=\"background-color:var(--awb-color7);padding:40px;margin-top:0;\"><div class=\"person-author\"><div class=\"person-author-wrapper\"><span class=\"person-name\">Christian Esser<\/span><span class=\"person-title\">Jgz.Randvoll<\/span><\/div><\/div><div class=\"person-content fusion-clearfix\"><\/div><\/div><\/div><\/div><\/div><div class=\"fusion-layout-column fusion_builder_column fusion-builder-column-48 fusion_builder_column_1_3 1_3 fusion-flex-column\" style=\"--awb-bg-size:cover;--awb-width-large:33.333333333333%;--awb-margin-top-large:0px;--awb-spacing-right-large:5.76%;--awb-margin-bottom-large:20px;--awb-spacing-left-large:5.76%;--awb-width-medium:33.333333333333%;--awb-order-medium:0;--awb-spacing-right-medium:5.76%;--awb-spacing-left-medium:5.76%;--awb-width-small:100%;--awb-order-small:0;--awb-spacing-right-small:1.92%;--awb-spacing-left-small:1.92%;\"><div class=\"fusion-column-wrapper fusion-column-has-shadow fusion-flex-justify-content-flex-start fusion-content-layout-column\"><div class=\"fusion-person person fusion-person-left fusion-person-27 fusion-person-icon-top\" style=\"--awb-pic-style-color:var(--awb-color8);--awb-pic-borderradius:15px;--awb-margin-top:0px;--awb-margin-right:0px;--awb-margin-bottom:0px;--awb-margin-left:0px;--awb-social-box-border-top:0px;--awb-social-box-border-right:0px;--awb-social-box-border-bottom:0px;--awb-social-box-border-left:0px;--awb-social-box-border-color:var(--awb-color3);--awb-social-box-border-color-hover:var(--awb-color4);--awb-social-box-colors-hover:var(--awb-color1);--awb-social-icon-boxed-colors:var(--awb-color2);--awb-social-icon-colors:var(--awb-color6);--awb-social-icon-colors-hover:var(--awb-color4);\"><div class=\"person-shortcode-image-wrapper\"><div class=\"person-image-container hover-type-none person-rounded-overflow\" style=\"-webkit-border-radius:15px;-moz-border-radius:15px;border-radius:15px;border:0px solid var(--awb-color3);-webkit-border-radius:15px;-moz-border-radius:15px;border-radius:15px;\"><img decoding=\"async\" class=\"person-img img-responsive wp-image-2924\" width=\"484\" height=\"1024\" src=\"https:\/\/schuetzenverein-glehn.de\/wp-content\/uploads\/2025\/09\/Daniel-Roesler-25-Jahre-Jgz-Op-Ex-484x1024.jpg\" alt=\"Daniel R\u00f6\u00dfler\" srcset=\"https:\/\/schuetzenverein-glehn.de\/wp-content\/uploads\/2025\/09\/Daniel-Roesler-25-Jahre-Jgz-Op-Ex-200x423.jpg 200w, https:\/\/schuetzenverein-glehn.de\/wp-content\/uploads\/2025\/09\/Daniel-Roesler-25-Jahre-Jgz-Op-Ex-400x846.jpg 400w, https:\/\/schuetzenverein-glehn.de\/wp-content\/uploads\/2025\/09\/Daniel-Roesler-25-Jahre-Jgz-Op-Ex-600x1269.jpg 600w, https:\/\/schuetzenverein-glehn.de\/wp-content\/uploads\/2025\/09\/Daniel-Roesler-25-Jahre-Jgz-Op-Ex-800x1691.jpg 800w, https:\/\/schuetzenverein-glehn.de\/wp-content\/uploads\/2025\/09\/Daniel-Roesler-25-Jahre-Jgz-Op-Ex.jpg 1120w\" sizes=\"(max-width: 640px) 100vw, 400px\" \/><\/div><\/div><div class=\"person-desc\" style=\"background-color:var(--awb-color7);padding:40px;margin-top:0;\"><div class=\"person-author\"><div class=\"person-author-wrapper\"><span class=\"person-name\">Daniel R\u00f6\u00dfler<\/span><span class=\"person-title\">Jgz. OP-EX<\/span><\/div><\/div><div class=\"person-content fusion-clearfix\"><\/div><\/div><\/div><\/div><\/div><div class=\"fusion-layout-column fusion_builder_column fusion-builder-column-49 fusion_builder_column_1_3 1_3 fusion-flex-column\" style=\"--awb-bg-size:cover;--awb-width-large:33.333333333333%;--awb-margin-top-large:0px;--awb-spacing-right-large:5.76%;--awb-margin-bottom-large:20px;--awb-spacing-left-large:5.76%;--awb-width-medium:33.333333333333%;--awb-order-medium:0;--awb-spacing-right-medium:5.76%;--awb-spacing-left-medium:5.76%;--awb-width-small:100%;--awb-order-small:0;--awb-spacing-right-small:1.92%;--awb-spacing-left-small:1.92%;\"><div class=\"fusion-column-wrapper fusion-column-has-shadow fusion-flex-justify-content-flex-start fusion-content-layout-column\"><div class=\"fusion-person person fusion-person-left fusion-person-28 fusion-person-icon-top\" style=\"--awb-pic-style-color:var(--awb-color8);--awb-pic-borderradius:15px;--awb-margin-top:0px;--awb-margin-right:0px;--awb-margin-bottom:0px;--awb-margin-left:0px;--awb-social-box-border-top:0px;--awb-social-box-border-right:0px;--awb-social-box-border-bottom:0px;--awb-social-box-border-left:0px;--awb-social-box-border-color:var(--awb-color3);--awb-social-box-border-color-hover:var(--awb-color4);--awb-social-box-colors-hover:var(--awb-color1);--awb-social-icon-boxed-colors:var(--awb-color2);--awb-social-icon-colors:var(--awb-color6);--awb-social-icon-colors-hover:var(--awb-color4);\"><div class=\"person-shortcode-image-wrapper\"><div class=\"person-image-container hover-type-none person-rounded-overflow\" style=\"-webkit-border-radius:15px;-moz-border-radius:15px;border-radius:15px;border:0px solid var(--awb-color3);-webkit-border-radius:15px;-moz-border-radius:15px;border-radius:15px;\"><img decoding=\"async\" class=\"person-img img-responsive wp-image-2925\" width=\"683\" height=\"1024\" src=\"https:\/\/schuetzenverein-glehn.de\/wp-content\/uploads\/2025\/09\/PatrickAndreer_25Jahre_Op_Ex-683x1024.jpg\" alt=\"Patrick Andreer\" srcset=\"https:\/\/schuetzenverein-glehn.de\/wp-content\/uploads\/2025\/09\/PatrickAndreer_25Jahre_Op_Ex-200x300.jpg 200w, https:\/\/schuetzenverein-glehn.de\/wp-content\/uploads\/2025\/09\/PatrickAndreer_25Jahre_Op_Ex-400x600.jpg 400w, https:\/\/schuetzenverein-glehn.de\/wp-content\/uploads\/2025\/09\/PatrickAndreer_25Jahre_Op_Ex-600x900.jpg 600w, https:\/\/schuetzenverein-glehn.de\/wp-content\/uploads\/2025\/09\/PatrickAndreer_25Jahre_Op_Ex-800x1200.jpg 800w, https:\/\/schuetzenverein-glehn.de\/wp-content\/uploads\/2025\/09\/PatrickAndreer_25Jahre_Op_Ex-1200x1800.jpg 1200w, https:\/\/schuetzenverein-glehn.de\/wp-content\/uploads\/2025\/09\/PatrickAndreer_25Jahre_Op_Ex-scaled.jpg 1707w\" sizes=\"(max-width: 640px) 100vw, 400px\" \/><\/div><\/div><div class=\"person-desc\" style=\"background-color:var(--awb-color7);padding:40px;margin-top:0;\"><div class=\"person-author\"><div class=\"person-author-wrapper\"><span class=\"person-name\">Patrick Andreer<\/span><span class=\"person-title\">Jgz.OP-EX<\/span><\/div><\/div><div class=\"person-content fusion-clearfix\"><\/div><\/div><\/div><\/div><\/div><div class=\"fusion-layout-column fusion_builder_column fusion-builder-column-50 fusion_builder_column_1_3 1_3 fusion-flex-column\" style=\"--awb-bg-size:cover;--awb-width-large:33.333333333333%;--awb-margin-top-large:0px;--awb-spacing-right-large:5.76%;--awb-margin-bottom-large:20px;--awb-spacing-left-large:5.76%;--awb-width-medium:33.333333333333%;--awb-order-medium:0;--awb-spacing-right-medium:5.76%;--awb-spacing-left-medium:5.76%;--awb-width-small:100%;--awb-order-small:0;--awb-spacing-right-small:1.92%;--awb-spacing-left-small:1.92%;\"><div class=\"fusion-column-wrapper fusion-column-has-shadow fusion-flex-justify-content-flex-start fusion-content-layout-column\"><div class=\"fusion-person person fusion-person-left fusion-person-29 fusion-person-icon-top\" style=\"--awb-pic-style-color:var(--awb-color8);--awb-pic-borderradius:15px;--awb-margin-top:0px;--awb-margin-right:0px;--awb-margin-bottom:0px;--awb-margin-left:0px;--awb-social-box-border-top:0px;--awb-social-box-border-right:0px;--awb-social-box-border-bottom:0px;--awb-social-box-border-left:0px;--awb-social-box-border-color:var(--awb-color3);--awb-social-box-border-color-hover:var(--awb-color4);--awb-social-box-colors-hover:var(--awb-color1);--awb-social-icon-boxed-colors:var(--awb-color2);--awb-social-icon-colors:var(--awb-color6);--awb-social-icon-colors-hover:var(--awb-color4);\"><div class=\"person-shortcode-image-wrapper\"><div class=\"person-image-container hover-type-none person-rounded-overflow\" style=\"-webkit-border-radius:15px;-moz-border-radius:15px;border-radius:15px;border:0px solid var(--awb-color3);-webkit-border-radius:15px;-moz-border-radius:15px;border-radius:15px;\"><img decoding=\"async\" class=\"person-img img-responsive wp-image-2926\" width=\"473\" height=\"1024\" src=\"https:\/\/schuetzenverein-glehn.de\/wp-content\/uploads\/2025\/09\/Sebastian-Girmes-25-Jahre-Jgz-Epsendorfer-Jonge-473x1024.jpg\" alt=\"Sebastian Girmes\" srcset=\"https:\/\/schuetzenverein-glehn.de\/wp-content\/uploads\/2025\/09\/Sebastian-Girmes-25-Jahre-Jgz-Epsendorfer-Jonge-200x433.jpg 200w, https:\/\/schuetzenverein-glehn.de\/wp-content\/uploads\/2025\/09\/Sebastian-Girmes-25-Jahre-Jgz-Epsendorfer-Jonge-400x865.jpg 400w, https:\/\/schuetzenverein-glehn.de\/wp-content\/uploads\/2025\/09\/Sebastian-Girmes-25-Jahre-Jgz-Epsendorfer-Jonge-600x1298.jpg 600w, https:\/\/schuetzenverein-glehn.de\/wp-content\/uploads\/2025\/09\/Sebastian-Girmes-25-Jahre-Jgz-Epsendorfer-Jonge-800x1730.jpg 800w, https:\/\/schuetzenverein-glehn.de\/wp-content\/uploads\/2025\/09\/Sebastian-Girmes-25-Jahre-Jgz-Epsendorfer-Jonge.jpg 1032w\" sizes=\"(max-width: 640px) 100vw, 400px\" \/><\/div><\/div><div class=\"person-desc\" style=\"background-color:var(--awb-color7);padding:40px;margin-top:0;\"><div class=\"person-author\"><div class=\"person-author-wrapper\"><span class=\"person-name\">Sebastian Girmes<\/span><span class=\"person-title\">Jgz. Epsendorfer Jonge<\/span><\/div><\/div><div class=\"person-content fusion-clearfix\"><\/div><\/div><\/div><\/div><\/div><div class=\"fusion-layout-column fusion_builder_column fusion-builder-column-51 fusion_builder_column_1_3 1_3 fusion-flex-column\" style=\"--awb-bg-size:cover;--awb-width-large:33.333333333333%;--awb-margin-top-large:0px;--awb-spacing-right-large:5.76%;--awb-margin-bottom-large:20px;--awb-spacing-left-large:5.76%;--awb-width-medium:33.333333333333%;--awb-order-medium:0;--awb-spacing-right-medium:5.76%;--awb-spacing-left-medium:5.76%;--awb-width-small:100%;--awb-order-small:0;--awb-spacing-right-small:1.92%;--awb-spacing-left-small:1.92%;\"><div class=\"fusion-column-wrapper fusion-column-has-shadow fusion-flex-justify-content-flex-start fusion-content-layout-column\"><div class=\"fusion-person person fusion-person-left fusion-person-30 fusion-person-icon-top\" style=\"--awb-pic-style-color:var(--awb-color8);--awb-pic-borderradius:15px;--awb-margin-top:0px;--awb-margin-right:0px;--awb-margin-bottom:0px;--awb-margin-left:0px;--awb-social-box-border-top:0px;--awb-social-box-border-right:0px;--awb-social-box-border-bottom:0px;--awb-social-box-border-left:0px;--awb-social-box-border-color:var(--awb-color3);--awb-social-box-border-color-hover:var(--awb-color4);--awb-social-box-colors-hover:var(--awb-color1);--awb-social-icon-boxed-colors:var(--awb-color2);--awb-social-icon-colors:var(--awb-color6);--awb-social-icon-colors-hover:var(--awb-color4);\"><div class=\"person-desc\" style=\"background-color:var(--awb-color7);padding:40px;margin-top:0;\"><div class=\"person-author\"><div class=\"person-author-wrapper\"><span class=\"person-name\">Philip Wieszorek<\/span><span class=\"person-title\">Jgz. Allzeit Bereit<\/span><\/div><\/div><div class=\"person-content fusion-clearfix\"><\/div><\/div><\/div><\/div><\/div><div class=\"fusion-layout-column fusion_builder_column fusion-builder-column-52 fusion_builder_column_1_3 1_3 fusion-flex-column\" style=\"--awb-bg-size:cover;--awb-width-large:33.333333333333%;--awb-margin-top-large:0px;--awb-spacing-right-large:5.76%;--awb-margin-bottom-large:20px;--awb-spacing-left-large:5.76%;--awb-width-medium:33.333333333333%;--awb-order-medium:0;--awb-spacing-right-medium:5.76%;--awb-spacing-left-medium:5.76%;--awb-width-small:100%;--awb-order-small:0;--awb-spacing-right-small:1.92%;--awb-spacing-left-small:1.92%;\"><div class=\"fusion-column-wrapper fusion-column-has-shadow fusion-flex-justify-content-flex-start fusion-content-layout-column\"><div class=\"fusion-person person fusion-person-left fusion-person-31 fusion-person-icon-top\" style=\"--awb-pic-style-color:var(--awb-color8);--awb-pic-borderradius:15px;--awb-margin-top:0px;--awb-margin-right:0px;--awb-margin-bottom:0px;--awb-margin-left:0px;--awb-social-box-border-top:0px;--awb-social-box-border-right:0px;--awb-social-box-border-bottom:0px;--awb-social-box-border-left:0px;--awb-social-box-border-color:var(--awb-color3);--awb-social-box-border-color-hover:var(--awb-color4);--awb-social-box-colors-hover:var(--awb-color1);--awb-social-icon-boxed-colors:var(--awb-color2);--awb-social-icon-colors:var(--awb-color6);--awb-social-icon-colors-hover:var(--awb-color4);\"><div class=\"person-desc\" style=\"background-color:var(--awb-color7);padding:40px;margin-top:0;\"><div class=\"person-author\"><div class=\"person-author-wrapper\"><span class=\"person-name\">Rene Dierke<\/span><span class=\"person-title\">Jgz. Saubuam<\/span><\/div><\/div><div class=\"person-content fusion-clearfix\"><\/div><\/div><\/div><\/div><\/div><div class=\"fusion-layout-column fusion_builder_column fusion-builder-column-53 fusion_builder_column_1_1 1_1 fusion-flex-column\" style=\"--awb-bg-size:cover;--awb-width-large:100%;--awb-margin-top-large:0px;--awb-spacing-right-large:1.92%;--awb-margin-bottom-large:20px;--awb-spacing-left-large:1.92%;--awb-width-medium:100%;--awb-order-medium:0;--awb-spacing-right-medium:1.92%;--awb-spacing-left-medium:1.92%;--awb-width-small:100%;--awb-order-small:0;--awb-spacing-right-small:1.92%;--awb-spacing-left-small:1.92%;\"><div class=\"fusion-column-wrapper fusion-column-has-shadow fusion-flex-justify-content-flex-start fusion-content-layout-column\"><div class=\"fusion-separator\" style=\"align-self: center;margin-left: auto;margin-right: auto;margin-top:40px;margin-bottom:40px;width:100%;max-width:400px;\"><div class=\"fusion-separator-border sep-single sep-solid\" style=\"--awb-height:20px;--awb-amount:20px;--awb-sep-color:var(--awb-color5);border-color:var(--awb-color5);border-top-width:3px;\"><\/div><\/div><\/div><\/div><\/div><\/div><\/p>\n","protected":false},"excerpt":{"rendered":"","protected":false},"author":1,"featured_media":0,"parent":0,"menu_order":0,"comment_status":"closed","ping_status":"closed","template":"","meta":{"footnotes":""},"class_list":["post-917","page","type-page","status-publish","hentry"],"_links":{"self":[{"href":"https:\/\/schuetzenverein-glehn.de\/index.php?rest_route=\/wp\/v2\/pages\/917","targetHints":{"allow":["GET"]}}],"collection":[{"href":"https:\/\/schuetzenverein-glehn.de\/index.php?rest_route=\/wp\/v2\/pages"}],"about":[{"href":"https:\/\/schuetzenverein-glehn.de\/index.php?rest_route=\/wp\/v2\/types\/page"}],"author":[{"embeddable":true,"href":"https:\/\/schuetzenverein-glehn.de\/index.php?rest_route=\/wp\/v2\/users\/1"}],"replies":[{"embeddable":true,"href":"https:\/\/schuetzenverein-glehn.de\/index.php?rest_route=%2Fwp%2Fv2%2Fcomments&post=917"}],"version-history":[{"count":106,"href":"https:\/\/schuetzenverein-glehn.de\/index.php?rest_route=\/wp\/v2\/pages\/917\/revisions"}],"predecessor-version":[{"id":2997,"href":"https:\/\/schuetzenverein-glehn.de\/index.php?rest_route=\/wp\/v2\/pages\/917\/revisions\/2997"}],"wp:attachment":[{"href":"https:\/\/schuetzenverein-glehn.de\/index.php?rest_route=%2Fwp%2Fv2%2Fmedia&parent=917"}],"curies":[{"name":"wp","href":"https:\/\/api.w.org\/{rel}","templated":true}]}}